{"id":616,"date":"2023-06-21T12:42:22","date_gmt":"2023-06-21T12:42:22","guid":{"rendered":"https:\/\/www.zitcholupice.cz\/?page_id=616"},"modified":"2026-04-16T17:32:06","modified_gmt":"2026-04-16T17:32:06","slug":"cholupicky-zpravodaj","status":"publish","type":"page","link":"https:\/\/www.zitcholupice.cz\/index.php\/cholupicky-zpravodaj\/","title":{"rendered":"Cholupick\u00fd zpravodaj"},"content":{"rendered":"\n<p><\/p>\n\n\n\n<ul><li>20.4.2026 od 17:00 Setk\u00e1n\u00ed s radn\u00edmi v restauraci U \u010c\u00e1mrse<\/li><\/ul>\n\n\n\n<figure class=\"wp-block-image size-large\"><img loading=\"lazy\" width=\"1024\" height=\"724\" src=\"https:\/\/www.zitcholupice.cz\/wp-content\/uploads\/2026\/04\/20.-4.-2026-Cholupice-Restaurace-U-Camrse-1024x724.jpg\" alt=\"\" class=\"wp-image-890\" srcset=\"https:\/\/www.zitcholupice.cz\/wp-content\/uploads\/2026\/04\/20.-4.-2026-Cholupice-Restaurace-U-Camrse-1024x724.jpg 1024w, https:\/\/www.zitcholupice.cz\/wp-content\/uploads\/2026\/04\/20.-4.-2026-Cholupice-Restaurace-U-Camrse-300x212.jpg 300w, https:\/\/www.zitcholupice.cz\/wp-content\/uploads\/2026\/04\/20.-4.-2026-Cholupice-Restaurace-U-Camrse-768x543.jpg 768w, https:\/\/www.zitcholupice.cz\/wp-content\/uploads\/2026\/04\/20.-4.-2026-Cholupice-Restaurace-U-Camrse-1536x1086.jpg 1536w, https:\/\/www.zitcholupice.cz\/wp-content\/uploads\/2026\/04\/20.-4.-2026-Cholupice-Restaurace-U-Camrse-2048x1448.jpg 2048w\" sizes=\"(max-width: 767px) 89vw, (max-width: 1000px) 54vw, (max-width: 1071px) 543px, 580px\" \/><\/figure>\n\n\n\n<ul><li>28.3.2026 od 10:00 Ukli\u010fme Cholupice a Cholupick\u00fd vrch<\/li><\/ul>\n\n\n\n<figure class=\"wp-block-image size-large\"><img loading=\"lazy\" width=\"1024\" height=\"591\" src=\"https:\/\/www.zitcholupice.cz\/wp-content\/uploads\/2026\/03\/Uklidme-Cholupice-1024x591.jpg\" alt=\"\" class=\"wp-image-885\" srcset=\"https:\/\/www.zitcholupice.cz\/wp-content\/uploads\/2026\/03\/Uklidme-Cholupice-1024x591.jpg 1024w, https:\/\/www.zitcholupice.cz\/wp-content\/uploads\/2026\/03\/Uklidme-Cholupice-300x173.jpg 300w, https:\/\/www.zitcholupice.cz\/wp-content\/uploads\/2026\/03\/Uklidme-Cholupice-768x443.jpg 768w, https:\/\/www.zitcholupice.cz\/wp-content\/uploads\/2026\/03\/Uklidme-Cholupice-1536x886.jpg 1536w, https:\/\/www.zitcholupice.cz\/wp-content\/uploads\/2026\/03\/Uklidme-Cholupice.jpg 2048w\" sizes=\"(max-width: 767px) 89vw, (max-width: 1000px) 54vw, (max-width: 1071px) 543px, 580px\" \/><\/figure>\n\n\n\n<ul><li>26.11.2025 od 17:30 Rozsv\u00edcen\u00ed V\u00e1no\u010dn\u00edho stromu v Cholupic\u00edch<\/li><\/ul>\n\n\n\n<ul id=\"block-0c7d592f-35f1-42c1-b955-7e5590145889\"><li><strong>Chodn\u00edk z Kest\u0159ansk\u00e9 do Podch\u00fd\u0161sk\u00e9<\/strong><ul><li>V pracovn\u00ed skupin\u011b pro Cholupice jsme podali n\u00e1vrh na zpevn\u011bn\u00ed vy\u0161lapan\u00e9 p\u011b\u0161iny z ulice Kest\u0159ansk\u00e9 do Podch\u00fd\u0161sk\u00e9.<\/li><li>V \u0159\u00edjnu 2025 byl v t\u00e9to lokalit\u011b M\u011bstskou \u010d\u00e1st\u00ed Praha 12 realizov\u00e1n nov\u00fd chodn\u00edk.<\/li><li><img src=\"http:\/\/www.zitcholupice.cz\/wp-content\/uploads\/2025\/11\/a3e232d6-9642-4b96-b80e-301fee01da5b.jpeg\" alt=\"\"> <img src=\"http:\/\/www.zitcholupice.cz\/wp-content\/uploads\/2025\/11\/f77f44b9-0d93-4c0c-be95-b710f9d4ef14.jpeg\" alt=\"\"><\/li><\/ul><\/li><\/ul>\n\n\n\n<ul><li>13.10.2025 od 17:00 Sousedsk\u00e9 setk\u00e1n\u00ed s radn\u00edmi v Cholupic\u00edch v restauraci U \u010c\u00e1mrse<\/li><li>8.10. &#8211; 22.10.2025 p\u0159em\u00edst\u011bn\u00ed zast\u00e1vky Cholupice z d\u016fvodu v\u00fdm\u011bny m\u011bstsk\u00e9ho mobili\u00e1\u0159e<\/li><li>20.9.2025 od 10:00 Ukli\u010fme Cholupice a Cholupick\u00fd vrch<\/li><li>15.9.2025 od 15:30 otev\u0159en\u00ed Cholupick\u00e9ho statku ve\u0159ejnosti a od 16:30 ve\u0159ejn\u00e9 setk\u00e1n\u00ed k v\u00fdstav\u011b v\u00fdrobn\u00edho are\u00e1lu na v\u00fdrobu zbran\u00ed U \u010c\u00e1mrse<\/li><li>30.8.2025 od 12:00 D\u011btsk\u00fd den na Leti\u0161ti To\u010dn\u00e1<\/li><li>9.8.2025  od 13:00 do 18:00 Den otev\u0159en\u00fdch dve\u0159\u00ed hang\u00e1ru Leti\u0161t\u011b To\u010dn\u00e1<\/li><li>8.8.2025 U \u010c\u00e1mse je mo\u017en\u00e9 podepsat petici proti pr\u016fmyslov\u00e9 v\u00fdrob\u011b zbran\u00ed v Cholupick\u00e9m statku<\/li><li>22.7.2025 <a href=\"https:\/\/gov.cz\/e-petice\/1192-zachranme-praze-modranum-linku-190?fbclid=IwY2xjawMB9nBleHRuA2FlbQIxMABicmlkETFSNlJ2a1VMMWZhSjlsWG9hAR7kX4DYQP22sa62se-ZcANfSMIRVx87FqK3yToTPbKKnDwxMaKynvhro7o6cw_aem_kZB3elw_k5GFwq5NjFATDA\">Zde<\/a> je mo\u017en\u00e9 se p\u0159idat k petici pro zachov\u00e1n\u00ed autobusov\u00e9 linky 190 <\/li><li>3.7.2025 V Cholupick\u00fdch potravin\u00e1ch je mo\u017en\u00e9 podepsat petici proti uzav\u0159en\u00ed prodejny potravin v Cholupic\u00edch<\/li><li>14.6.2025 od 9:00 do 22:00 Anton\u00ednsk\u00e1 pou\u0165 na To\u010dn\u00e9<\/li><li>7.6.2025 od 13:00 do 18:00 Den otev\u0159en\u00fdch dve\u0159\u00ed hang\u00e1ru Leti\u0161t\u011b To\u010dn\u00e1<\/li><li>4.6.2025 Ve\u0159ejn\u00e9 setk\u00e1n\u00ed se z\u00e1stupci M\u010c Prahy 12 u d\u011btsk\u00e9ho h\u0159i\u0161t\u011b na Cholupick\u00e9m vrchu<\/li><li>31.5.2025 od\u00a0 9:00 Staro\u010desk\u00e9 m\u00e1je v cholupick\u00e9m parku<\/li><li>29.5.2025 od 18:00 Sch\u016fze Sdru\u017een\u00ed pro rozvoj Cholupic v restauraci U \u010c\u00e1mrse<\/li><li>16.5.2025 os\u00e1zen\u00ed ve\u0159ejn\u00e9ho prostranstv\u00ed cibulovinami <\/li><li>1.5.2025 od 16:00 Stav\u011bn\u00ed m\u00e1jky v cholupick\u00e9m parku<\/li><li>30.4.2025 od 17:30 \u010carodejnice v restauraci na h\u0159i\u0161ti<\/li><li>30.4.2025 od 17:00 \u010carodejnice na Leti\u0161ti To\u010dn\u00e1<\/li><li>12.4.2025 od 13:00 do 18:00  Den otev\u0159en\u00fdch dve\u0159\u00ed hang\u00e1ru Leti\u0161t\u011b To\u010dn\u00e1<\/li><li>29.3.2025 od 10:00 Ukli\u010fme Cholupice a Cholupick\u00fd vrch<\/li><\/ul>\n\n\n\n<figure class=\"wp-block-image size-large\"><img loading=\"lazy\" width=\"724\" height=\"1024\" src=\"https:\/\/www.zitcholupice.cz\/wp-content\/uploads\/2025\/03\/UKLID\u030cME-C\u030cESKO-pozva\u0301nka-724x1024.png\" alt=\"\" class=\"wp-image-741\" srcset=\"https:\/\/www.zitcholupice.cz\/wp-content\/uploads\/2025\/03\/UKLID\u030cME-C\u030cESKO-pozva\u0301nka-724x1024.png 724w, https:\/\/www.zitcholupice.cz\/wp-content\/uploads\/2025\/03\/UKLID\u030cME-C\u030cESKO-pozva\u0301nka-212x300.png 212w, https:\/\/www.zitcholupice.cz\/wp-content\/uploads\/2025\/03\/UKLID\u030cME-C\u030cESKO-pozva\u0301nka-768x1086.png 768w, https:\/\/www.zitcholupice.cz\/wp-content\/uploads\/2025\/03\/UKLID\u030cME-C\u030cESKO-pozva\u0301nka-1086x1536.png 1086w, https:\/\/www.zitcholupice.cz\/wp-content\/uploads\/2025\/03\/UKLID\u030cME-C\u030cESKO-pozva\u0301nka.png 1414w\" sizes=\"(max-width: 724px) 100vw, 724px\" \/><\/figure>\n\n\n\n<p><\/p>\n\n\n\n<ul><li>3.3.-28.3.2025 Na radnici prob\u011bhne v\u00fdstava n\u00e1vrh\u016f student\u016f s n\u00e1zvem Nov\u00e9 Kulturn\u011b-spole\u010densk\u00e9 centrum Cholupic<\/li><li>8.3.2025 od 13:00 do 18:00 Den otev\u0159en\u00fdch dve\u0159\u00ed hang\u00e1ru Leti\u0161t\u011b To\u010dn\u00e1<\/li><li>19.1.2025 od 13:00 D\u011btsk\u00fd karneval v klubovn\u011b hasi\u010dsk\u00e9 zbrojnice<\/li><li>14.12.2025 v 17:00 V\u00e1no\u010dn\u00ed j\u00edzda hasi\u010dsk\u00fdch cisteren v Cholupic\u00edch <\/li><li>Participativn\u00ed rozpo\u010det Prahy 12 pro rok 2024<ul><li><a href=\"https:\/\/praha12.munipolis.cz\/p\/zastineni-detskeho-hriste\">Zast\u00edn\u011bn\u00ed d\u011btsk\u00e9ho h\u0159i\u0161t\u011b<\/a><\/li><li><a href=\"https:\/\/praha12.munipolis.cz\/p\/nove-prvky-na-hristi-v-cholupickem-parku\">Nov\u00e9 prvky na h\u0159i\u0161ti v cholupick\u00e9m parku  <\/a><\/li><\/ul><\/li><li>27.11.2024 Zah\u00e1jen\u00ed adventu v cholupick\u00e9m parku<\/li><li>20.9. od 10:00 Ukli\u010fme Cholupice a Cholupick\u00fd vrch<\/li><li>31.8.2024 od 12:00 D\u011btsk\u00fd den na Leti\u0161ti To\u010dn\u00e1<\/li><li>25.7.2024 od 21:30 Letn\u00ed kino Pr\u00e1zdniny s Brou\u010dkem na h\u0159i\u0161ti TJ Sokol Cholupice <\/li><li>30.4.2024 od 16:00 P\u00e1len\u00ed \u010darod\u011bjnice na leti\u0161ti To\u010dn\u00e1<\/li><li>9.4.2024 v 11:00 m\u00edstn\u00ed \u0161et\u0159en\u00ed s odborem dopravy a polici\u00ed ohledn\u011b \u017elut\u00fdch \u010dar v Kest\u0159ansk\u00e9 ulici, sraz p\u0159ed Bike notoric<\/li><li>6.4.2024 od 10:00 Ukli\u010fme Cholupice a Cholupick\u00fd vrch<\/li><\/ul>\n\n\n\n<figure class=\"wp-block-image size-large\"><img loading=\"lazy\" width=\"724\" height=\"1024\" src=\"https:\/\/www.zitcholupice.cz\/wp-content\/uploads\/2024\/04\/Uklid\u030cme-C\u030cesko-2024-724x1024.png\" alt=\"\" class=\"wp-image-725\" srcset=\"https:\/\/www.zitcholupice.cz\/wp-content\/uploads\/2024\/04\/Uklid\u030cme-C\u030cesko-2024-724x1024.png 724w, https:\/\/www.zitcholupice.cz\/wp-content\/uploads\/2024\/04\/Uklid\u030cme-C\u030cesko-2024-212x300.png 212w, https:\/\/www.zitcholupice.cz\/wp-content\/uploads\/2024\/04\/Uklid\u030cme-C\u030cesko-2024-768x1086.png 768w, https:\/\/www.zitcholupice.cz\/wp-content\/uploads\/2024\/04\/Uklid\u030cme-C\u030cesko-2024-1086x1536.png 1086w, https:\/\/www.zitcholupice.cz\/wp-content\/uploads\/2024\/04\/Uklid\u030cme-C\u030cesko-2024.png 1414w\" sizes=\"(max-width: 724px) 100vw, 724px\" \/><\/figure>\n\n\n\n<ul><li>28.1. 2024 od 13:00 Karneval v klubovn\u011b hasi\u010dsk\u00e9 zbrojnice<\/li><li>Od 12. 1. 2024 do 15. 3. 2024 bude prob\u00edhat \u201eProdlou\u017een\u00ed stoky \u2013 Cholupice\u201c. P\u0159ed zah\u00e1jen\u00edm dojde k posunu autobusov\u00e9 zast\u00e1vky Cholupick\u00fd vrch v obou sm\u011brech v doch\u00e1zkov\u00e9 vzd\u00e1lenosti, v\u010detn\u011b z\u0159\u00edzen\u00ed p\u0159\u00edstupu na komunikace pro p\u011b\u0161\u00ed.<\/li><\/ul>\n\n\n\n<figure class=\"wp-block-image size-full\"><img loading=\"lazy\" width=\"749\" height=\"529\" src=\"https:\/\/www.zitcholupice.cz\/wp-content\/uploads\/2024\/01\/Screenshot-2024-01-24-at-10.09.21.png\" alt=\"\" class=\"wp-image-660\" srcset=\"https:\/\/www.zitcholupice.cz\/wp-content\/uploads\/2024\/01\/Screenshot-2024-01-24-at-10.09.21.png 749w, https:\/\/www.zitcholupice.cz\/wp-content\/uploads\/2024\/01\/Screenshot-2024-01-24-at-10.09.21-300x212.png 300w\" sizes=\"(max-width: 706px) 89vw, (max-width: 767px) 82vw, 740px\" \/><\/figure>\n\n\n\n<ul><li>31.12.2023 V\u011bd\u011bli jste, \u017ee je <a href=\"https:\/\/mhmp.maps.arcgis.com\/apps\/instant\/media\/index.html?appid=2df06b9029ca4d0ea9167d9ee69ed6ea&amp;fbclid=IwAR2s8o9sRYx-yOsv0Q-sWg20ULCvwO8x7sfJuvDwhWGAgyZp4y0FhMybYUs\">z\u00e1kaz pou\u017e\u00edv\u00e1n\u00ed pyrotechniky<\/a> je na cel\u00e9m \u00fazem\u00ed Cholupic?<\/li><\/ul>\n\n\n\n<figure class=\"wp-block-image size-full\"><img loading=\"lazy\" width=\"779\" height=\"599\" src=\"https:\/\/www.zitcholupice.cz\/wp-content\/uploads\/2024\/02\/Screenshot-2024-02-07-at-21.48.36.png\" alt=\"\" class=\"wp-image-671\" srcset=\"https:\/\/www.zitcholupice.cz\/wp-content\/uploads\/2024\/02\/Screenshot-2024-02-07-at-21.48.36.png 779w, https:\/\/www.zitcholupice.cz\/wp-content\/uploads\/2024\/02\/Screenshot-2024-02-07-at-21.48.36-300x231.png 300w, https:\/\/www.zitcholupice.cz\/wp-content\/uploads\/2024\/02\/Screenshot-2024-02-07-at-21.48.36-768x591.png 768w\" sizes=\"(max-width: 767px) 89vw, (max-width: 1000px) 54vw, (max-width: 1071px) 543px, 580px\" \/><\/figure>\n\n\n\n<ul><li>29.11.2023 od 17:30 Zah\u00e1jen\u00ed adventu v cholupick\u00e9m parku<\/li><li>26.11.2023 od 13:00 do 16:00 V\u00e1no\u010dn\u00ed jarmark v hospod\u011b na h\u0159i\u0161ti v Cholupic\u00edch<\/li><li>11.11.2023 od 9:00 \u017daludsk\u00e1 osma na d\u011btsk\u00e9m h\u0159i\u0161ti u leti\u0161t\u011b To\u010dn\u00e1<\/li><li>16.9.2023 od 10:00 \u00daklid Cholupic a Cholupick\u00e9ho vrchu<\/li><li>20.8.2023 od 20:15 Letn\u00ed kino v Cholupic\u00edch v TJ Sokol Cholupice<\/li><li>Pro autobusy od 1.7. do 1.9.2023&nbsp;<img loading=\"lazy\" height=\"16\" width=\"16\" alt=\"\ud83d\ude8c\" src=\"https:\/\/static.xx.fbcdn.net\/images\/emoji.php\/v9\/t79\/1\/16\/1f68c.png\"><ul><li><img loading=\"lazy\" height=\"16\" width=\"16\" alt=\"\ud83d\ude90\" src=\"https:\/\/static.xx.fbcdn.net\/images\/emoji.php\/v9\/t65\/1\/16\/1f690.png\">&nbsp;X341 pojede z Obchodn\u00edho n\u00e1m\u011bst\u00ed na Cholupick\u00fd vrch<\/li><li><img loading=\"lazy\" height=\"16\" width=\"16\" alt=\"\ud83d\ude90\" src=\"https:\/\/static.xx.fbcdn.net\/images\/emoji.php\/v9\/t65\/1\/16\/1f690.png\">&nbsp;341 pojede z Obchodn\u00edho n\u00e1m\u011bst\u00ed p\u0159es P\u00edsnici do Cholupic (a d\u00e1le po sv\u00e9 trase)<\/li><\/ul><\/li><\/ul>\n\n\n\n<div class=\"wp-block-image\"><figure class=\"aligncenter size-large\"><img loading=\"lazy\" width=\"1024\" height=\"554\" src=\"https:\/\/www.zitcholupice.cz\/wp-content\/uploads\/2023\/06\/Screenshot-2023-06-21-at-11.59.00-1024x554.png\" alt=\"\" class=\"wp-image-613\" srcset=\"https:\/\/www.zitcholupice.cz\/wp-content\/uploads\/2023\/06\/Screenshot-2023-06-21-at-11.59.00-1024x554.png 1024w, https:\/\/www.zitcholupice.cz\/wp-content\/uploads\/2023\/06\/Screenshot-2023-06-21-at-11.59.00-300x162.png 300w, https:\/\/www.zitcholupice.cz\/wp-content\/uploads\/2023\/06\/Screenshot-2023-06-21-at-11.59.00-768x415.png 768w, https:\/\/www.zitcholupice.cz\/wp-content\/uploads\/2023\/06\/Screenshot-2023-06-21-at-11.59.00.png 1167w\" sizes=\"(max-width: 767px) 89vw, (max-width: 1000px) 54vw, (max-width: 1071px) 543px, 580px\" \/><\/figure><\/div>\n\n\n\n<ul><li>Pro automobily&nbsp;<img loading=\"lazy\" height=\"16\" width=\"16\" alt=\"\ud83d\ude97\" src=\"https:\/\/static.xx.fbcdn.net\/images\/emoji.php\/v9\/tec\/1\/16\/1f697.png\"><ul><li><img loading=\"lazy\" height=\"16\" width=\"16\" alt=\"\u26d4\" src=\"https:\/\/static.xx.fbcdn.net\/images\/emoji.php\/v9\/tbd\/1\/16\/26d4.png\">&nbsp;1.etapa od 1.7. do 19.8.2023 (od ulice Kest\u0159ansk\u00e1 k ulici v H\u00e1jk\u00e1ch)<\/li><\/ul><ul><li><img loading=\"lazy\" height=\"16\" width=\"16\" alt=\"\ud83d\udc49\" src=\"https:\/\/static.xx.fbcdn.net\/images\/emoji.php\/v9\/t51\/1\/16\/1f449.png\">&nbsp;v\u00fdjezd bude po nov\u011b vybudovan\u00e9 komunikaci z ulice Z\u00e1lu\u017eick\u00e1 do ulice K D\u00fdma\u010di<\/li><\/ul><ul><li><img loading=\"lazy\" height=\"16\" width=\"16\" alt=\"\u26d4\" src=\"https:\/\/static.xx.fbcdn.net\/images\/emoji.php\/v9\/tbd\/1\/16\/26d4.png\">&nbsp;2.etapa od 19.8. do 1.9.2023 (od Kest\u0159ansk\u00e9 ke kruhov\u00e9mu objezdu<\/li><\/ul><\/li><\/ul>\n\n\n\n<div class=\"wp-block-image\"><figure class=\"aligncenter size-full\"><img loading=\"lazy\" width=\"1006\" height=\"660\" src=\"https:\/\/www.zitcholupice.cz\/wp-content\/uploads\/2023\/06\/Screenshot-2023-06-21-at-11.58.26.png\" alt=\"\" class=\"wp-image-614\" srcset=\"https:\/\/www.zitcholupice.cz\/wp-content\/uploads\/2023\/06\/Screenshot-2023-06-21-at-11.58.26.png 1006w, https:\/\/www.zitcholupice.cz\/wp-content\/uploads\/2023\/06\/Screenshot-2023-06-21-at-11.58.26-300x197.png 300w, https:\/\/www.zitcholupice.cz\/wp-content\/uploads\/2023\/06\/Screenshot-2023-06-21-at-11.58.26-768x504.png 768w\" sizes=\"(max-width: 767px) 89vw, (max-width: 1000px) 54vw, (max-width: 1071px) 543px, 580px\" \/><\/figure><\/div>\n\n\n\n<ul><li>12.6.2023 prob\u011bhne prvn\u00ed zased\u00e1n\u00ed pracovn\u00ed skupiny pro Cholupice, v zasedac\u00ed m\u00edstnosti 407, ve 4. pat\u0159e budovy \u00fa\u0159adu<\/li><li>11.6.2023 od 8:30 prob\u011bhne Anton\u00ednsk\u00e1 pou\u0165 na To\u010dn\u00e9<\/li><li>3.6.2023 od 9:30 prob\u011bhnout Staro\u010desk\u00e9 m\u00e1je v cholupick\u00e9m parku<\/li><li>11.5.2023 od 18:00 sch\u016fze Sdru\u017een\u00ed pro rozvoj Cholupic v restauraci U \u010c\u00e1mrse<\/li><li>11.5.2023 od 16:00 setk\u00e1n\u00ed s m\u00edstostarostou na t\u00e9ma revitalizace v cholupick\u00e9m parku<\/li><li>30.4.2023 od 13:00 \u010carodejnice na Leti\u0161ti To\u010dn\u00e1<\/li><li>1.4.2023 od 10:00 \u00daklid Cholupic a Cholupick\u00e9ho vrchu<\/li><li>26.2.2023 od 13:00 D\u011btsk\u00fd karneval v klubovn\u011b hasi\u010dsk\u00e9 zbrojnice<\/li><li>11.2.2023 od 18:00 2. fotbalov\u00fd ples ve Spole\u010densk\u00e9m centru Bud\u011bjovick\u00e1 303, Jesenice<\/li><li>5.2.2023 od 13:00 do 16:00 D\u011btsk\u00fd karnevarl v Hosp\u016fdce na H\u0159i\u0161ti<\/li><li>28.9.2022 od 8:00 do 13:00 Podzimn\u00ed Cholupick\u00fd jarmark<\/li><li>18.9.2022 od 10:00 do 15:00 Expozice kr\u00e1l\u00edk\u016f, holub\u016f a dr\u016fbe\u017ee<\/li><li>17.9.2022 \u00daklid Cholupic a Cholupick\u00e9ho vrchu<\/li><li>27.8.2022 D\u011btsk\u00fd den na Leti\u0161ti To\u010dn\u00e1<\/li><li>2.4.2022 od 10:00 do 16:00 prob\u011bhne \u00daklid Cholupic a Cholupick\u00e9ho vrchu, pytlomat bude um\u00edst\u011bn u tafostanice, zapojit se m\u016f\u017eete kdykoli b\u011bhem dne, odvoz odpadu od trafostanice domluven s M\u010c Praha 12<\/li><li>18.9.2021 od 10:00 do 16:00 prob\u011bhne \u00daklid Cholupic, pytlomat bude um\u00edst\u011bn u Vejcomatu, svoz odpadu z pl\u00e1cku naproti vejcomatu je zaji\u0161t\u011bn M\u010c Praha 12<\/li><li>31.5.2021 byl odhlasov\u00e1n znak a vlajka Cholupic<\/li><\/ul>\n\n\n\n<div class=\"wp-block-image\"><figure class=\"aligncenter size-full is-resized\"><img src=\"https:\/\/www.zitcholupice.cz\/wp-content\/uploads\/2025\/05\/Screenshot-2025-05-14-at-11.07.18-1-edited.png\" alt=\"\" class=\"wp-image-774\" width=\"295\" srcset=\"https:\/\/www.zitcholupice.cz\/wp-content\/uploads\/2025\/05\/Screenshot-2025-05-14-at-11.07.18-1-edited.png 323w, https:\/\/www.zitcholupice.cz\/wp-content\/uploads\/2025\/05\/Screenshot-2025-05-14-at-11.07.18-1-edited-212x300.png 212w\" sizes=\"(max-width: 323px) 100vw, 323px\" \/><\/figure><\/div>\n\n\n\n<ul><li>27.3.2021 od 10:00 prob\u011bhne \u00daklid Cholupic, v\u00edce informac\u00ed v ud\u00e1losti <a href=\"https:\/\/www.uklidmecesko.cz\/event\/28046\">zde<\/a><\/li><li>29.8.2020 od 11:00 se kon\u00e1 D\u011btsk\u00fd den na leti\u0161ti To\u010dn\u00e1<\/li><li>28.5.2020 v 18:00 Sch\u016fze Sdru\u017een\u00ed pro rozvoj Cholupic v cholupick\u00e9m parku<\/li><li>17.12.2019 v 18:00 Sousedsk\u00e9 v\u00e1no\u010dn\u00ed setk\u00e1n\u00ed na pl\u00e1cku mezi bytov\u00fdmi domy Kest\u0159ansk\u00e1<\/li><li>27.11.2019 v 17:30 rozsv\u00edcen\u00ed V\u00e1no\u010dn\u00edho stromu v cholupick\u00e9m parku<\/li><li>24.11.2019 od 10:00 do 13:00 V\u00e1no\u010dn\u00ed jarmark v hospod\u011b Na H\u0159i\u0161ti<\/li><li>26.10.2019 od 9:30 prob\u011bhne podzimn\u00ed \u00faklid Cholupic, sraz p\u0159ed Kulturn\u00edm domem<\/li><li>14.5.2019 od 17:00 Beseda k Udr\u017eiteln\u00e9mu rozvoji na t\u00e9ma nakl\u00e1d\u00e1n\u00ed s odpady ve Vini\u010dn\u00edm domku<\/li><li>30.4.2019 od 17:00 \u010carodejnice na leti\u0161ti To\u010dn\u00e1<\/li><li>17. 4.2019 od 16:00 jedn\u00e1n\u00ed Zastupitelstva m\u011bstsk\u00e9 \u010d\u00e1sti Praha 12 v obchodn\u00edm dom\u011b Prior na Sofijsk\u00e9m n\u00e1m\u011bst\u00ed<\/li><li>13.4.2019 od 9:30 prob\u011bhne Velikono\u010dn\u00ed jarmark v are\u00e1lu fotbalov\u00e9ho h\u0159i\u0161t\u011b<\/li><li>23.3.2019 od 10:00 prob\u011bhne jarn\u00ed \u00faklid, v jej\u00edm\u017e r\u00e1mci dobrovoln\u00edci ukl\u00edzej\u00ed sv\u00e9 okol\u00ed, sraz u Trafostanice v ulici K D\u00fdma\u010di<\/li><li>27.1.2019 od 14:00 prob\u011bhne d\u011btsk\u00fd Karneval v hosp\u016fdce na h\u0159i\u0161ti<\/li><li>26.1.2019 od 14:00 prob\u011bhne d\u011btsk\u00fd Karneval v s\u00e1le Hasi\u010dsk\u00e9 zbrojnice<\/li><li>16.1.2019 v 16:00 prob\u011bhne seznamovac\u00ed proch\u00e1zka po Cholupic\u00edch se starostou Prahy 12, kde starostu sezn\u00e1m\u00edme s probl\u00e9my na\u0161\u00ed obce a pokus\u00edme se tak o zlep\u0161en\u00ed podm\u00ednek v na\u0161\u00ed obci. Sezn\u00e1men\u00ed s problematikou Cholupic najdete&nbsp;<a href=\"https:\/\/kestranska.files.wordpress.com\/2019\/01\/sezn\u00e1men\u00ed-s-problematikou-cholupic-.pdf\">zde<\/a><\/li><li>2.12.2018 od 15:00 V\u00e1no\u010dn\u00ed Jarmark na Praze 12, K Libu\u0161i 7\/10. V 16:45 rozv\u00edcen\u00ed V\u00e1no\u010dn\u00edho stromu a v 18:00 ka\u017edoro\u010dn\u00ed rozv\u00edcen\u00ed \u0160eber\u00e1ku<\/li><li>1.12.2018 od 10:00 do 17:00 hodin se uskute\u010dn\u00ed adventn\u00ed jarmak v prostor\u00e1ch Z\u0160 Na Ber\u00e1nku v Praze 12, Pertoldova 3373\/51<\/li><li>25.11.2018 od 14:00 prob\u011bhne V\u00e1no\u010dn\u00ed trh v are\u00e1lu fotbalov\u00e9ho h\u0159i\u0161t\u011b<\/li><li>20.10.2018 od 10:00 prob\u011bhne pozdimn\u00ed jarmark v are\u00e1lu fotbalov\u00e9ho h\u0159i\u0161t\u011b<\/li><\/ul>\n","protected":false},"excerpt":{"rendered":"<p>20.4.2026 od 17:00 Setk\u00e1n\u00ed s radn\u00edmi v restauraci U \u010c\u00e1mrse 28.3.2026 od 10:00 Ukli\u010fme Cholupice a Cholupick\u00fd vrch 26.11.2025 od 17:30 Rozsv\u00edcen\u00ed V\u00e1no\u010dn\u00edho stromu v Cholupic\u00edch Chodn\u00edk z Kest\u0159ansk\u00e9 do Podch\u00fd\u0161sk\u00e9 V pracovn\u00ed skupin\u011b pro Cholupice jsme podali n\u00e1vrh na zpevn\u011bn\u00ed vy\u0161lapan\u00e9 p\u011b\u0161iny z ulice Kest\u0159ansk\u00e9 do Podch\u00fd\u0161sk\u00e9. V \u0159\u00edjnu 2025 byl v t\u00e9to lokalit\u011b &hellip; <\/p>\n<p class=\"link-more\"><a href=\"https:\/\/www.zitcholupice.cz\/index.php\/cholupicky-zpravodaj\/\" class=\"more-link\">Pokra\u010dovat ve \u010dten\u00ed<span class=\"screen-reader-text\"> &#8222;Cholupick\u00fd zpravodaj&#8220;<\/span><\/a><\/p>\n","protected":false},"author":2,"featured_media":0,"parent":0,"menu_order":0,"comment_status":"closed","ping_status":"closed","template":"","meta":{"_monsterinsights_skip_tracking":false,"_monsterinsights_sitenote_active":false,"_monsterinsights_sitenote_note":"","_monsterinsights_sitenote_category":0},"_links":{"self":[{"href":"https:\/\/www.zitcholupice.cz\/index.php\/wp-json\/wp\/v2\/pages\/616"}],"collection":[{"href":"https:\/\/www.zitcholupice.cz\/index.php\/wp-json\/wp\/v2\/pages"}],"about":[{"href":"https:\/\/www.zitcholupice.cz\/index.php\/wp-json\/wp\/v2\/types\/page"}],"author":[{"embeddable":true,"href":"https:\/\/www.zitcholupice.cz\/index.php\/wp-json\/wp\/v2\/users\/2"}],"replies":[{"embeddable":true,"href":"https:\/\/www.zitcholupice.cz\/index.php\/wp-json\/wp\/v2\/comments?post=616"}],"version-history":[{"count":48,"href":"https:\/\/www.zitcholupice.cz\/index.php\/wp-json\/wp\/v2\/pages\/616\/revisions"}],"predecessor-version":[{"id":894,"href":"https:\/\/www.zitcholupice.cz\/index.php\/wp-json\/wp\/v2\/pages\/616\/revisions\/894"}],"wp:attachment":[{"href":"https:\/\/www.zitcholupice.cz\/index.php\/wp-json\/wp\/v2\/media?parent=616"}],"curies":[{"name":"wp","href":"https:\/\/api.w.org\/{rel}","templated":true}]}}