{"id":69,"date":"2019-08-31T22:53:31","date_gmt":"2019-08-31T22:53:31","guid":{"rendered":"http:\/\/www.zitcholupice.cz\/?page_id=69"},"modified":"2026-04-16T17:41:25","modified_gmt":"2026-04-16T17:41:25","slug":"v-reseni","status":"publish","type":"page","link":"https:\/\/www.zitcholupice.cz\/index.php\/v-reseni\/","title":{"rendered":"V \u0159e\u0161en\u00ed"},"content":{"rendered":"\n<div class=\"wp-block-columns\">\n<div class=\"wp-block-column is-vertically-aligned-center\" style=\"flex-basis:100%\">\n<ul><li><strong>Rekonstrukce ulice K B\u0159e\u010dk\u00e1m a Ke K\u00e1lku<\/strong><ul><li>Od 2. \u0159\u00edjna prob\u00edh\u00e1 rekonstrukce ulice K B\u0159e\u010dk\u00e1m a \u010d\u00e1sti ulice Ke K\u00e1lku. Buduje se nov\u00e1 vozovka a chodn\u00edky ze z\u00e1mkov\u00e9 dla\u017eby. Star\u00e9 ve\u0159ejn\u00e9 osv\u011btlen\u00ed bude vym\u011bn\u011bno za nov\u00e9 (a posunuto tak, aby bylo mo\u017en\u00e9 projet nap\u0159\u00edklad s ko\u010d\u00e1rkem) pouze v \u010d\u00e1sti ulice Ke K\u00e1lku. Zb\u00fdvaj\u00edc\u00ed osv\u011btlen\u00ed se bude m\u011bnit a\u017e p\u0159\u00ed\u0161t\u00ed rok z d\u016fvodu p\u0159ek\u00e1\u017eek na stran\u011b spole\u010dnosti Technologie HMP a.s., tak\u017ee m\u00edstn\u00ed obyvatele zde \u010dekaj\u00ed dal\u0161\u00ed pr\u00e1ce. V pr\u016fb\u011bhu rekonstrukce do\u0161lo tak\u00e9 k odst\u00e1vce pitn\u00e9 vody na t\u0159i hodiny, a to bez p\u0159edchoz\u00edho upozorn\u011bn\u00ed.<\/li><li><img loading=\"lazy\" width=\"1920\" height=\"2560\" class=\"wp-image-876\" style=\"width: 150px;\" src=\"http:\/\/www.zitcholupice.cz\/wp-content\/uploads\/2025\/11\/IMG_20251105_100559388_HDR-scaled.jpg\" alt=\"\" srcset=\"https:\/\/www.zitcholupice.cz\/wp-content\/uploads\/2025\/11\/IMG_20251105_100559388_HDR-scaled.jpg 1920w, https:\/\/www.zitcholupice.cz\/wp-content\/uploads\/2025\/11\/IMG_20251105_100559388_HDR-225x300.jpg 225w, https:\/\/www.zitcholupice.cz\/wp-content\/uploads\/2025\/11\/IMG_20251105_100559388_HDR-768x1024.jpg 768w, https:\/\/www.zitcholupice.cz\/wp-content\/uploads\/2025\/11\/IMG_20251105_100559388_HDR-1152x1536.jpg 1152w, https:\/\/www.zitcholupice.cz\/wp-content\/uploads\/2025\/11\/IMG_20251105_100559388_HDR-1536x2048.jpg 1536w\" sizes=\"(max-width: 767px) 89vw, (max-width: 1000px) 54vw, (max-width: 1071px) 543px, 580px\" \/>     <img loading=\"lazy\" width=\"1920\" height=\"2560\" class=\"wp-image-873\" style=\"width: 150px;\" src=\"http:\/\/www.zitcholupice.cz\/wp-content\/uploads\/2025\/11\/IMG_20251029_065437610_HDR-scaled.jpg\" alt=\"\" srcset=\"https:\/\/www.zitcholupice.cz\/wp-content\/uploads\/2025\/11\/IMG_20251029_065437610_HDR-scaled.jpg 1920w, https:\/\/www.zitcholupice.cz\/wp-content\/uploads\/2025\/11\/IMG_20251029_065437610_HDR-225x300.jpg 225w, https:\/\/www.zitcholupice.cz\/wp-content\/uploads\/2025\/11\/IMG_20251029_065437610_HDR-768x1024.jpg 768w, https:\/\/www.zitcholupice.cz\/wp-content\/uploads\/2025\/11\/IMG_20251029_065437610_HDR-1152x1536.jpg 1152w, https:\/\/www.zitcholupice.cz\/wp-content\/uploads\/2025\/11\/IMG_20251029_065437610_HDR-1536x2048.jpg 1536w\" sizes=\"(max-width: 767px) 89vw, (max-width: 1000px) 54vw, (max-width: 1071px) 543px, 580px\" \/>                                           <img loading=\"lazy\" width=\"2560\" height=\"1920\" class=\"wp-image-872\" style=\"width: 200px;\" src=\"http:\/\/www.zitcholupice.cz\/wp-content\/uploads\/2025\/11\/IMG_20251029_065224370_HDR-scaled.jpg\" alt=\"\" srcset=\"https:\/\/www.zitcholupice.cz\/wp-content\/uploads\/2025\/11\/IMG_20251029_065224370_HDR-scaled.jpg 2560w, https:\/\/www.zitcholupice.cz\/wp-content\/uploads\/2025\/11\/IMG_20251029_065224370_HDR-300x225.jpg 300w, https:\/\/www.zitcholupice.cz\/wp-content\/uploads\/2025\/11\/IMG_20251029_065224370_HDR-1024x768.jpg 1024w, https:\/\/www.zitcholupice.cz\/wp-content\/uploads\/2025\/11\/IMG_20251029_065224370_HDR-768x576.jpg 768w, https:\/\/www.zitcholupice.cz\/wp-content\/uploads\/2025\/11\/IMG_20251029_065224370_HDR-1536x1152.jpg 1536w, https:\/\/www.zitcholupice.cz\/wp-content\/uploads\/2025\/11\/IMG_20251029_065224370_HDR-2048x1536.jpg 2048w\" sizes=\"(max-width: 767px) 89vw, (max-width: 1000px) 54vw, (max-width: 1071px) 543px, 580px\" \/>      <img loading=\"lazy\" width=\"2560\" height=\"1920\" class=\"wp-image-874\" style=\"width: 200px;\" src=\"http:\/\/www.zitcholupice.cz\/wp-content\/uploads\/2025\/11\/IMG_20251103_111655270_HDR-scaled.jpg\" alt=\"\" srcset=\"https:\/\/www.zitcholupice.cz\/wp-content\/uploads\/2025\/11\/IMG_20251103_111655270_HDR-scaled.jpg 2560w, https:\/\/www.zitcholupice.cz\/wp-content\/uploads\/2025\/11\/IMG_20251103_111655270_HDR-300x225.jpg 300w, https:\/\/www.zitcholupice.cz\/wp-content\/uploads\/2025\/11\/IMG_20251103_111655270_HDR-1024x768.jpg 1024w, https:\/\/www.zitcholupice.cz\/wp-content\/uploads\/2025\/11\/IMG_20251103_111655270_HDR-768x576.jpg 768w, https:\/\/www.zitcholupice.cz\/wp-content\/uploads\/2025\/11\/IMG_20251103_111655270_HDR-1536x1152.jpg 1536w, https:\/\/www.zitcholupice.cz\/wp-content\/uploads\/2025\/11\/IMG_20251103_111655270_HDR-2048x1536.jpg 2048w\" sizes=\"(max-width: 767px) 89vw, (max-width: 1000px) 54vw, (max-width: 1071px) 543px, 580px\" \/> <\/li><\/ul><\/li><li><strong>Um\u00edst\u011bn\u00ed lavi\u010dek v Cholupic\u00edch<\/strong><ul><li>V \u0159ijnu 2021 jsem m\u011bla mo\u017enost z\u00edskat pro Cholupice 10ks paletov\u00fdch lavi\u010dek <strong>zdarma<\/strong>, ov\u0161em M\u010cPraha 12 mi zam\u00edtla lavi\u010dky v Cholupic\u00edch um\u00edstit pro nevzhlednost lavi\u010dek<\/li><\/ul><ul><li>V roce 2025 jsme podali n\u00e1vrh na lavi\u010dky do participativn\u00edho orzpo\u010dtu.<\/li><li>C\u00edlem projektu je vytvo\u0159it p\u0159irozen\u00e1 m\u00edsta k setk\u00e1v\u00e1n\u00ed a odpo\u010dinku, kter\u00e1 v m\u011bstsk\u00e9 \u010d\u00e1sti dosud chyb\u011bla. Lavi\u010dky maj\u00ed slou\u017eit v\u0161em generac\u00edm \u2013 mlad\u00fdm lidem jako prostor pro setk\u00e1v\u00e1n\u00ed mimo domov \u010di \u0161kolu a senior\u016fm jako m\u00edsto k odpo\u010dinku p\u0159i proch\u00e1zk\u00e1ch. Projekt usiluje o zlep\u0161en\u00ed ve\u0159ejn\u00e9ho prostoru a pos\u00edlen\u00ed sousedsk\u00fdch vztah\u016f, kter\u00e9 p\u0159isp\u00edvaj\u00ed k p\u0159\u00edjemn\u00e9mu a \u017eiv\u00e9mu prost\u0159ed\u00ed v Cholupic\u00edch.       <\/li><li>Lavi\u010dky by se m\u011bli umis\u0165ovat v kv\u011btnu 2026. <ul><li>           <img loading=\"lazy\" width=\"1341\" height=\"2000\" class=\"wp-image-871\" style=\"width: 150px;\" src=\"http:\/\/www.zitcholupice.cz\/wp-content\/uploads\/2025\/11\/ce5b2616-004c-452c-8007-46de474ced0b.jpeg\" alt=\"\" srcset=\"https:\/\/www.zitcholupice.cz\/wp-content\/uploads\/2025\/11\/ce5b2616-004c-452c-8007-46de474ced0b.jpeg 1341w, https:\/\/www.zitcholupice.cz\/wp-content\/uploads\/2025\/11\/ce5b2616-004c-452c-8007-46de474ced0b-201x300.jpeg 201w, https:\/\/www.zitcholupice.cz\/wp-content\/uploads\/2025\/11\/ce5b2616-004c-452c-8007-46de474ced0b-687x1024.jpeg 687w, https:\/\/www.zitcholupice.cz\/wp-content\/uploads\/2025\/11\/ce5b2616-004c-452c-8007-46de474ced0b-768x1145.jpeg 768w, https:\/\/www.zitcholupice.cz\/wp-content\/uploads\/2025\/11\/ce5b2616-004c-452c-8007-46de474ced0b-1030x1536.jpeg 1030w\" sizes=\"(max-width: 767px) 89vw, (max-width: 1000px) 54vw, (max-width: 1071px) 543px, 580px\" \/><\/li><\/ul><\/li><\/ul><\/li><li><strong>V\u00fdm\u011bna autobusov\u00fdch p\u0159\u00edst\u0159e\u0161k\u016f v Cholupic\u00edch<\/strong><ul><li>12.5.2025 <a href=\"https:\/\/www.thmp.cz\/hlavni-strana\/aktuality\/novy-zivot-pro-stare-zastavky-thmp-repasuje-pristresky-po-jcdecaux\">dle informac\u00ed od Technologie hlavn\u00edho m\u011bsta Prahy boudou n\u011bkter\u00e9 autobusov\u00e9 p\u0159\u00edst\u0159e\u0161ky v Praze vym\u011bn\u011bny na nov\u00e9<\/a><\/li><li>14.7.2025 \u0161la \u017e\u00e1dost na M\u010c zda-li by bylo mo\u017en\u00e9 n\u00e1s zahrnout do v\u00fdm\u011bny autobusov\u00fdch p\u0159\u00edst\u0159e\u0161k\u016f<\/li><\/ul><ul><li>U fotbalov\u00e9ho h\u0159i\u0161t\u011b ji\u017e do\u0161lo k v\u00fdm\u011bn\u011b zast\u0159e\u0161en\u00ed autobusov\u00e9 zast\u00e1vky. Ov\u0161em bez bezbari\u00e9rov\u00e9ho n\u00e1jezdu a \u00fapravy zbytku chodn\u00edku zast\u00e1vky. Akce prob\u011bhla bez z\u0159\u00edzen\u00ed do\u010dasn\u00e9ho p\u0159echodu pro chodce \u010di jin\u00fdch opat\u0159en\u00ed u n\u00e1hradn\u00ed zast\u00e1vky.<\/li><\/ul><ul><li><img loading=\"lazy\" width=\"2048\" height=\"1536\" class=\"wp-image-870\" style=\"width: 240px;\" src=\"http:\/\/www.zitcholupice.cz\/wp-content\/uploads\/2025\/11\/77279270-07f3-4f85-a48c-3c2595649224.jpeg\" alt=\"\" srcset=\"https:\/\/www.zitcholupice.cz\/wp-content\/uploads\/2025\/11\/77279270-07f3-4f85-a48c-3c2595649224.jpeg 2048w, https:\/\/www.zitcholupice.cz\/wp-content\/uploads\/2025\/11\/77279270-07f3-4f85-a48c-3c2595649224-300x225.jpeg 300w, https:\/\/www.zitcholupice.cz\/wp-content\/uploads\/2025\/11\/77279270-07f3-4f85-a48c-3c2595649224-1024x768.jpeg 1024w, https:\/\/www.zitcholupice.cz\/wp-content\/uploads\/2025\/11\/77279270-07f3-4f85-a48c-3c2595649224-768x576.jpeg 768w, https:\/\/www.zitcholupice.cz\/wp-content\/uploads\/2025\/11\/77279270-07f3-4f85-a48c-3c2595649224-1536x1152.jpeg 1536w\" sizes=\"(max-width: 767px) 89vw, (max-width: 1000px) 54vw, (max-width: 1071px) 543px, 580px\" \/><\/li><\/ul><\/li><li><strong>Oplocnen\u00ed d\u011btsk\u00e9ho h\u0159i\u0161t\u011b Maletick\u00e1<\/strong><ul><li>4.8.2025 zji\u0161\u0165ov\u00e1n\u00ed mo\u017enost\u00ed <\/li><li>8.9.2025 Pro\u010d nebude kolem d\u011btsk\u00e9ho h\u0159i\u0161t\u011b Maletick\u00e1 plot<ul><li>H\u0159i\u0161t\u011b je um\u00edst\u011bno uvnit\u0159 obytn\u00e9 z\u00e1stavby, tak\u017ee nehroz\u00ed, \u017ee by d\u011bti vb\u00edhaly p\u0159\u00edmo do silnice. Oplocen\u00ed cel\u00e9 plochy by bylo vzhledem k jej\u00ed velikosti velmi finan\u010dn\u011b n\u00e1ro\u010dn\u00e9. V posledn\u00edch letech se proto prost\u0159edky soust\u0159ed\u00ed na v\u00fdm\u011bnu star\u0161\u00edch oplocen\u00ed u h\u0159i\u0161\u0165, kter\u00e1 le\u017e\u00ed v bl\u00edzkosti ru\u0161n\u00fdch komunikac\u00ed.<\/li><li>Ter\u00e9n v t\u00e9to lokalit\u011b je nav\u00edc kamenit\u00fd a such\u00fd, tak\u017ee vysazen\u00ed \u017eiv\u00e9ho plotu by bylo t\u00e9m\u011b\u0159 nemo\u017en\u00e9 a vy\u017eadovalo by zna\u010dn\u00e9 mno\u017estv\u00ed z\u00e1livky.<\/li><li>Aby byla i nad\u00e1le zaji\u0161t\u011bna \u010distota a pohodl\u00ed u\u017eivatel\u016f h\u0159i\u0161t\u011b, nech\u00e1 <strong>M\u010c Praha 12<\/strong> po jeho obvodu instalovat dv\u011b nov\u00e9 cedule se z\u00e1kazem vstupu ps\u016f a tak\u00e9 nov\u00e9 ko\u0161e se z\u00e1sobn\u00edky na s\u00e1\u010dky.<\/li><\/ul><\/li><\/ul><\/li><\/ul>\n<\/div>\n<\/div>\n\n\n\n<ul><li><strong>Modernizace d\u011btsk\u00e9ho h\u0159i\u0161t\u011b na Cholupick\u00e9m vrchu<\/strong><ul><li>4.6.2025 Ve\u0159ejn\u00e9 setk\u00e1n\u00ed se z\u00e1stupci M\u010c Prahy 12<\/li><\/ul><\/li><li>28.1.2025 Rada M\u010c P12 schv\u00e1lila <strong>zpracov\u00e1n\u00ed podkladov\u00e9 studie rozvoje Cholupic<\/strong><ul><li>7.4.2024 v roce 2025 by se m\u011bl vysout\u011b\u017eit projektant \u00fazemn\u00ed studie pro Cholupice, hotov\u00e1 studie by mohla b\u00fdt za 3-4 roky, koridory pro zv\u011b\u0159 by m\u011bli z\u016fstat zachov\u00e1ny (p\u0159ip\u00e1dn\u011b projektant m\u016f\u017ee navrnout jejich p\u0159em\u00edst\u011bn\u00ed)<\/li><li>pracovn\u00ed skupina by se m\u011bla sej\u00edt na podzim 2025<\/li><\/ul><\/li><li><strong>Z\u00e1pach z v\u00fdpustn\u00edho m\u00edsta na Cholupick\u00e9m vrchu<\/strong><ul><li>dle vyj\u00e1d\u0159en\u00ed M\u010c P12 by se m\u011bl z\u00e1pach po zprovozn\u011bn\u00ed kanalizace omezit<\/li><li>i po odkanalizov\u00e1n\u00ed To\u010dn\u00e9 bude v\u00fdpust\u00ed m\u00edsto slou\u017eit d\u00e1l pro vypou\u0161t\u011bn\u00ed fek\u00e1ln\u00edch voz\u016f<\/li><\/ul><\/li><li><strong>P\u0159echod u autobusov\u00e9 zast\u00e1vky Z\u00e1lu\u017eick\u00e1<\/strong> <ul><li>7.4.2024 P\u0159echod na Z\u00e1lu\u017eick\u00e9 bude vyv\u00fd\u0161en\u00fd, ke zhotoven\u00ed dojde po p\u0159eveden\u00ed pozemk\u016f u zast\u00e1vky do spr\u00e1vy M\u010c<\/li><\/ul><\/li><li><strong>Modernizace d\u011btsk\u00e9ho h\u0159i\u0161t\u011b na Cholupick\u00e9m vrchu<\/strong><ul><li>4.6.2025 Ve\u0159ejn\u00e9 setk\u00e1n\u00ed se z\u00e1stupci M\u010c Prahy 12<\/li><\/ul><\/li><li>28.1.2025 Rada M\u010c P12 schv\u00e1lila <strong>zpracov\u00e1n\u00ed podkladov\u00e9 studie rozvoje Cholupic<\/strong><ul><li>7.4.2024 v roce 2025 by se m\u011bl vysout\u011b\u017eit projektant \u00fazemn\u00ed studie pro Cholupice, hotov\u00e1 studie by mohla b\u00fdt za 3-4 roky, koridory pro zv\u011b\u0159 by m\u011bli z\u016fstat zachov\u00e1ny (p\u0159ip\u00e1dn\u011b projektant m\u016f\u017ee navrnout jejich p\u0159em\u00edst\u011bn\u00ed)<\/li><\/ul><\/li><li>Z\u00e1pach z v\u00fdpustn\u00edho m\u00edsta na Cholupick\u00e9m vrchu<ul><li>dle vyj\u00e1d\u0159en\u00ed M\u010c P12 m\u011bl z\u00e1pach po zprovozn\u011bn\u00ed kanalizace zmizet<\/li><\/ul><\/li><li><strong>P\u0159echod u autobusov\u00e9 zast\u00e1vky Z\u00e1lu\u017eick\u00e1<\/strong> <ul><li>7.4.2024 P\u0159echod na Z\u00e1lu\u017eick\u00e9 bude vyv\u00fd\u0161en\u00fd, ke zhotoven\u00ed dojde po p\u0159eveden\u00ed pozemk\u016f u zast\u00e1vky do spr\u00e1vy M\u010c<\/li><\/ul><\/li><li><strong>Pr\u016fchod mezi domy<\/strong><ul><li>developer sl\u00edbil, \u017ee po dokon\u010den\u00ed stavby bude ve\u0159ejnosti p\u0159\u00edstupn\u00e1 cesta mezi domy<\/li><li>M\u010c v\u0161ak tuto dohodu nepodchytila smluvn\u011b, tak\u017ee jsme p\u0159i\u0161li o p\u0159\u00edstupovou cestu na n\u00e1m\u011bst\u00ed<\/li><\/ul><\/li><\/ul>\n\n\n\n<div class=\"wp-block-image\"><figure class=\"aligncenter size-large is-resized\"><img loading=\"lazy\" src=\"https:\/\/www.zitcholupice.cz\/wp-content\/uploads\/2024\/02\/IMG_4297-768x1024.jpg\" alt=\"\" class=\"wp-image-713\" width=\"427\" height=\"569\" srcset=\"https:\/\/www.zitcholupice.cz\/wp-content\/uploads\/2024\/02\/IMG_4297-768x1024.jpg 768w, https:\/\/www.zitcholupice.cz\/wp-content\/uploads\/2024\/02\/IMG_4297-225x300.jpg 225w, https:\/\/www.zitcholupice.cz\/wp-content\/uploads\/2024\/02\/IMG_4297-1152x1536.jpg 1152w, https:\/\/www.zitcholupice.cz\/wp-content\/uploads\/2024\/02\/IMG_4297-1536x2048.jpg 1536w, https:\/\/www.zitcholupice.cz\/wp-content\/uploads\/2024\/02\/IMG_4297-scaled.jpg 1920w\" sizes=\"(max-width: 427px) 100vw, 427px\" \/><\/figure><\/div>\n\n\n\n<ul><li><strong>Os\u00e1zen\u00ed prostanstv\u00ed kolem protihlukov\u00e9 st\u011bny<\/strong><ul><li>23.4.2022 jsme s\u00e1zeli sazenice bobkovi\u0161n\u011b, kter\u00e9 se n\u00e1m poda\u0159ilo sehnat p\u0159es Evu Tylovou, av\u0161ak sazenice se bohu\u017eel neuchytili<\/li><li>Nyn\u00ed se s pomoc\u00ed Kamila Mac\u00e1ka sna\u017e\u00edme z\u00edskat na os\u00e1zen\u00ed prostanstv\u00ed kolem protihlukov\u00e9 st\u011bny dotaci, kter\u00e1 by zajistila v\u00fdsadbu a n\u00e1slednou p\u00e9\u010di o sazenice<\/li><li>30.3.2023 dotace n\u00e1m bohu\u017eel nebyla uzn\u00e1na jeliko\u017e vlastn\u00edkem pozemk\u016f je MS-INVEST a.s.<\/li><li>v lednu 2024 byla tato \u010d\u00e1st s dal\u0161\u00edmi chodn\u00edky a komunikacemi p\u0159evedena pod m\u011bstskou \u010d\u00e1st P12, co\u017e n\u00e1m d\u00e1v\u00e1 mo\u017enost \u017e\u00e1dat znovu o dotaci<\/li><\/ul><\/li><\/ul>\n\n\n\n<figure class=\"wp-block-image size-full\"><img loading=\"lazy\" width=\"756\" height=\"368\" src=\"https:\/\/www.zitcholupice.cz\/wp-content\/uploads\/2022\/04\/Vy\u0301sadba-kolem-protihlukove\u0301-ste\u030cny.jpeg\" alt=\"\" class=\"wp-image-536\" srcset=\"https:\/\/www.zitcholupice.cz\/wp-content\/uploads\/2022\/04\/Vy\u0301sadba-kolem-protihlukove\u0301-ste\u030cny.jpeg 756w, https:\/\/www.zitcholupice.cz\/wp-content\/uploads\/2022\/04\/Vy\u0301sadba-kolem-protihlukove\u0301-ste\u030cny-300x146.jpeg 300w\" sizes=\"(max-width: 706px) 89vw, (max-width: 767px) 82vw, 740px\" \/><figcaption>V\u00fdsadba kolem protihlukov\u00e9 st\u011bny 23.4.2022<\/figcaption><\/figure>\n\n\n\n<ul><li><strong>Prodlou\u017een\u00ed chodn\u00edku z Ber\u00e1nku na Cholupick\u00fd vrch <\/strong><ul><li>Jeliko\u017e bylo M\u010c Praha 12 realizace chodn\u00edk\u016f zam\u00edtnuta domluvili jsme se na zpevn\u011bn\u00ed lesn\u00ed cesty z Ber\u00e1nku na Cholupick\u00fd vrch, vhodn\u00fdmi p\u0159\u00edrodn\u00edmi materi\u00e1ly<\/li><\/ul><ul><li>M\u011blo b\u00fdt realizov\u00e1no na konci roku 2021<\/li><li>Cesta na pozemc\u00edch m\u011bstsk\u00e9 \u010d\u00e1sti se realizovat nebude, jeliko\u017e starosta s vybudov\u00e1n\u00edm na t\u00e9to trase nesouhlas\u00ed . Z\u00e1rove\u0148 se v\u0161ak jedn\u00e1 s&nbsp;majitelem sousedn\u00edch pozemk\u016f, kter\u00fd p\u0159isl\u00edbil, \u017ee na jeho pozemc\u00edch by to bylo mo\u017en\u00e9. Jasno by m\u011blo b\u00fdt v&nbsp;prvn\u00edm pololet\u00ed tohoto roku. (3.1.2022)<\/li><li>M\u010c Praha 12 znovu otev\u0159e jedn\u00e1n\u00ed s&nbsp;majitelem pozemku, pokud s&nbsp;t\u00edm bude souhlasit, tak po\u017e\u00e1daj\u00ed o souhlas HMP, kter\u00e9mu pat\u0159\u00ed navazuj\u00edc\u00ed pozemky na pozemky soukrom\u00e9ho majitele. (4.1.2023)<\/li><\/ul><\/li><\/ul>\n\n\n\n<ul><li><strong>P\u0159\u00edprava obj\u00edzdn\u00e9 trasy<\/strong> <strong>pro pl\u00e1novanou uzav\u00edrku B\u0159e\u017eansk\u00e9ho \u00fadol\u00ed<\/strong><\/li><\/ul>\n\n\n\n<ul><li><strong>Leti\u0161t\u011b To\u010dn\u00e1<\/strong><ul><li>20.7.2023 Zji\u0161t\u011bn\u00ed situace ohledn\u011b nefunk\u010dn\u00edch hern\u00edch prvk\u016f na leti\u0161ti To\u010dn\u00e1 lanovky byly \u010dasto p\u0159et\u011b\u017eov\u00e1ny, z tohoto d\u016fvodu ji\u017e nebudou opraveny a lana budou vyu\u017eity pro dal\u0161\u00ed p\u0159\u00edst\u0159e\u0161ek<\/li><li>vodn\u00ed prvek byl \u010dasto po\u0161kozen\u00fd a jeho neust\u00e1le opravov\u00e1n\u00ed ji\u017e provozovatele p\u0159estalo bavit, tak se rozhodl hern\u00ed prvek demontovat<\/li><li>\u010derven\u00e9 klouza\u010dky se t\u0159epili a proto byly z d\u016fvodu bezpe\u010dnosti odstran\u011bny<\/li><li><a href=\"https:\/\/www.tocna.cz\/d%C4%9Btsk%C3%A9-h%C5%99i%C5%A1t%C4%9B\">narozeninov\u00e9 oslavy je t\u0159eba hl\u00e1sit provozovateli h\u0159i\u0161t\u011b, povolena je pouze jedna oslava denn\u011b<\/a><\/li><\/ul><\/li><\/ul>\n\n\n\n<ul><li><strong>Omezen\u00ed vjezdu vozidel z ulice Podch\u00fd\u0161sk\u00e1 k reten\u010dn\u00ed n\u00e1dr\u017ei<\/strong><ul><li><a rel=\"noreferrer noopener\" href=\"https:\/\/www.praha12.cz\/assets\/File.ashx?id_org=80112&amp;id_dokumenty=69590\" target=\"_blank\">13.5.2019<\/a>&nbsp;p\u0159edlo\u017een\u00ed n\u00e1vrhu na uzav\u0159en\u00ed komunikace pro automobili na Komisi pro rozvoj Komo\u0159an, Cholupic a To\u010dn\u00e9<\/li><li><a rel=\"noreferrer noopener\" href=\"http:\/\/3.6.7.227\/\" target=\"_blank\">3.6.2019<\/a>&nbsp; Reakce: Prov\u011b\u0159uj\u00ed se mo\u017enosti a majetkopr\u00e1vn\u00ed vztahy. Fakta: Komunikace, kter\u00e1 je postavena pod\u00e9l SOKP se nach\u00e1z\u00ed na soukrom\u00fdch pozemc\u00edch. Ob\u011b komunikace slou\u017e\u00ed tak\u00e9 jako obsluha polnost\u00ed.<\/li><li><a rel=\"noreferrer noopener\" href=\"https:\/\/www.praha12.cz\/assets\/File.ashx?id_org=80112&amp;id_dokumenty=71798\" target=\"_blank\">2.9.2019<\/a>&nbsp;Reakce 2: OIM sjednocuje vlastnictv\u00ed pod sv\u011b\u0159enou spr\u00e1vu M\u010c P12. LMT (Leteck\u00e9 Muzeum To\u010dn\u00e1) n\u00e1sledn\u011b zrekonstruuje komunikaci. Dopravn\u00ed re\u017eim z\u016fstane zachov\u00e1n.<\/li><li>Z Podch\u00fd\u0161sk\u00e9 k leti\u0161ti To\u010dn\u00e1<ul><li>367\/16 HLAVN\u00cd M\u011aSTO PRAHA, Mari\u00e1nsk\u00e9 n\u00e1m\u011bst\u00ed 2\/2, Star\u00e9 M\u011bsto, 11000 Praha 1<\/li><li>363\/1 HLAVN\u00cd M\u011aSTO PRAHA, Mari\u00e1nsk\u00e9 n\u00e1m\u011bst\u00ed 2\/2, Star\u00e9 M\u011bsto, 11000 Praha 1<\/li><li>367\/32 \u010cesk\u00e1 republika<\/li><li>367\/9 HLAVN\u00cd M\u011aSTO PRAHA, Mari\u00e1nsk\u00e9 n\u00e1m\u011bst\u00ed 2\/2, Star\u00e9 M\u011bsto, 11000 Praha 1<\/li><li>557\/4 \u0158editelstv\u00ed silnic a d\u00e1lnic \u010cR, Na Pankr\u00e1ci 546\/56, Nusle, 14000 Praha 4<\/li><\/ul><\/li><li>Z Hrazansk\u00e9 k leti\u0161ti To\u010dn\u00e1<ul><li>558\/5 HLAVN\u00cd M\u011aSTO PRAHA, Mari\u00e1nsk\u00e9 n\u00e1m\u011bst\u00ed 2\/2, Star\u00e9 M\u011bsto, 11000 Praha 1<\/li><li>558\/7 Prokopov\u00e1 Jitka, U Poustek 7, Cholupice, 14300 Praha 4 a Rosenbach Karel, Podch\u00fd\u0161sk\u00e1 122, Cholupice, 14300 Praha 4<\/li><li>363\/3 HLAVN\u00cd M\u011aSTO PRAHA, Mari\u00e1nsk\u00e9 n\u00e1m\u011bst\u00ed 2\/2, Star\u00e9 M\u011bsto, 11000 Praha 1<\/li><li>361\/48 Prokopov\u00e1 Jitka, U Poustek 7, Cholupice, 14300 Praha 4 a Rosenbach Karel, Podch\u00fd\u0161sk\u00e1 122, Cholupice, 14300 Praha 4<\/li><li>576\/72 St\u00e1tn\u00ed pozemkov\u00fd \u00fa\u0159ad, Husineck\u00e1 1024\/11a, \u017di\u017ekov, 13000 Praha 3<\/li><li>576\/76 \u0158editelstv\u00ed silnic a d\u00e1lnic \u010cR, Na Pankr\u00e1ci 546\/56, Nusle, 14000 Praha 4<\/li><li>576\/78 St\u00e1tn\u00ed pozemkov\u00fd \u00fa\u0159ad, Husineck\u00e1 1024\/11a, \u017di\u017ekov, 13000 Praha 3<\/li><\/ul><\/li><\/ul><\/li><\/ul>\n\n\n\n<p><\/p>\n\n\n\n<div class=\"wp-block-image\"><figure class=\"aligncenter is-resized\"><img loading=\"lazy\" src=\"https:\/\/www.zitcholupice.cz\/wp-content\/uploads\/2019\/11\/p\u0159\u00edjezdov\u00e1-cesta-k-leti\u0161ti-1024x768.jpg\" alt=\"\" class=\"wp-image-167\" width=\"438\" height=\"329\" srcset=\"https:\/\/www.zitcholupice.cz\/wp-content\/uploads\/2019\/11\/p\u0159\u00edjezdov\u00e1-cesta-k-leti\u0161ti-1024x768.jpg 1024w, https:\/\/www.zitcholupice.cz\/wp-content\/uploads\/2019\/11\/p\u0159\u00edjezdov\u00e1-cesta-k-leti\u0161ti-300x225.jpg 300w, https:\/\/www.zitcholupice.cz\/wp-content\/uploads\/2019\/11\/p\u0159\u00edjezdov\u00e1-cesta-k-leti\u0161ti-768x576.jpg 768w\" sizes=\"(max-width: 438px) 100vw, 438px\" \/><\/figure><\/div>\n\n\n\n<ul><li><strong>Vybudov\u00e1n\u00ed chodn\u00edk\u016f<\/strong> z Ber\u00e1nku do Cholupic, z Cholupic do P\u00edsnice a z Cholupic na To\u010dnou<ul><li>projekt na v\u00fdstavbu chodn\u00edk\u016f je od roku 2007 na odboru dopravy<\/li><li>rekonstrukce povrch\u016f a vytvo\u0159en\u00ed nov\u00fdch chodn\u00edk\u016f je v\u00e1z\u00e1no na v\u00fdstavbu de\u0161\u0165ov\u00e9 kanalizace,&nbsp;de\u0161\u0165ov\u00e1 kanalizace by m\u011bla b\u00fdt realizov\u00e1na v letech 2020-21 spole\u010dn\u011b s chodn\u00edky (12.8.2019)&nbsp; <\/li><li>Pozemek \u010d. 370\/18, p\u0159es kter\u00fd vede vy\u0161lapan\u00e1 cesta z Cholupic na Cholupick\u00fd vrch pat\u0159\u00ed Arcibiskupstv\u00ed (Arcibiskupstv\u00ed pra\u017esk\u00e9, Hrad\u010dansk\u00e9 n\u00e1m\u011bst\u00ed 56\/16, Hrad\u010dany, 11800 Praha 1). Arcibiskupstv\u00ed by cht\u011blo sv\u00e9 polnosti vyu\u017e\u00edt pro v\u00fdstavbu, co\u017e nen\u00ed v souladu s \u00fazemn\u00edm pl\u00e1nem. <\/li><\/ul><\/li><\/ul>\n\n\n\n<div class=\"wp-block-image\"><figure class=\"aligncenter is-resized\"><img loading=\"lazy\" src=\"https:\/\/www.zitcholupice.cz\/wp-content\/uploads\/2019\/11\/v\u00fdstavba-chodn\u00edk\u016f-12-768x1024.jpg\" alt=\"\" class=\"wp-image-170\" width=\"395\" height=\"526\" srcset=\"https:\/\/www.zitcholupice.cz\/wp-content\/uploads\/2019\/11\/v\u00fdstavba-chodn\u00edk\u016f-12-768x1024.jpg 768w, https:\/\/www.zitcholupice.cz\/wp-content\/uploads\/2019\/11\/v\u00fdstavba-chodn\u00edk\u016f-12-225x300.jpg 225w\" sizes=\"(max-width: 395px) 100vw, 395px\" \/><\/figure><\/div>\n\n\n\n<ul><li><strong>Rekonstrukce kulturn\u00edho domu<\/strong><ul><li>Parcela \u010d. 62 a 63 je ve vlastnictv\u00ed Hlavn\u00edho m\u011bsta Prahy se sv\u011b\u0159enou spr\u00e1vou M\u010c Praha 12. Jedn\u00e1 se v\u0161ak pouze o pozemek. O vlastnictv\u00ed stavby rozhoduje ji\u017e dlouh\u00e1 l\u00e9ta soud. Po rozhodnut\u00ed soudem, m\u00e1 M\u010c Praha 12 dle ob\u010dansk\u00e9ho z\u00e1kona p\u0159edkupn\u00ed pr\u00e1vo, kter\u00e9 M\u010c Praha 12 hodl\u00e1 vyu\u017e\u00edt. <\/li><\/ul><ul><li>Byl vy\u0159e\u0161en soudn\u00ed spor, nyn\u00ed se pan\u00ed Jandov\u00e1 z M\u010c Prahy 12 sna\u017e\u00ed domluvit jend\u00e1n\u00ed o odkoupen\u00ed (29.7.2021)<\/li><li>Byl ud\u011bl\u00e1n odhad na cenu nemovitosti ve v\u00fd\u0161i 19 000 000 K\u010d (9.2.2022), domluva o koupi kulturn\u00edho domu je naspadnut\u00ed<\/li><li>P\u0159ipravuje se smlouva o odkupu, kter\u00e1 by mohla b\u00fdt v\u00fdhledov\u011b do dvou m\u011bs\u00edc\u016f podepsan\u00e1. (12.6.2023).<\/li><li>3.3.-28.3.2025 prob\u011bhla na radnici v\u00fdstava n\u00e1vrh\u016f student\u016f s n\u00e1zvem Nov\u00e9 Kulturn\u011b-spole\u010densk\u00e9 centrum Cholupic<\/li><li>14.10.2025 jedn\u00e1 se o v\u00fdkupu zbyl\u00fdch \u010d\u00e1st\u00ed p\u0159il\u00e9haj\u00edc\u00edch ke kulturn\u00edmu domu<\/li><\/ul><\/li><\/ul>\n\n\n\n<figure class=\"wp-block-image size-large\"><img loading=\"lazy\" width=\"1024\" height=\"768\" src=\"https:\/\/www.zitcholupice.cz\/wp-content\/uploads\/2020\/02\/IMG_8077-1024x768.jpg\" alt=\"\" class=\"wp-image-228\" srcset=\"https:\/\/www.zitcholupice.cz\/wp-content\/uploads\/2020\/02\/IMG_8077-1024x768.jpg 1024w, https:\/\/www.zitcholupice.cz\/wp-content\/uploads\/2020\/02\/IMG_8077-300x225.jpg 300w, https:\/\/www.zitcholupice.cz\/wp-content\/uploads\/2020\/02\/IMG_8077-768x576.jpg 768w, https:\/\/www.zitcholupice.cz\/wp-content\/uploads\/2020\/02\/IMG_8077-1536x1152.jpg 1536w, https:\/\/www.zitcholupice.cz\/wp-content\/uploads\/2020\/02\/IMG_8077.jpg 2016w\" sizes=\"(max-width: 767px) 89vw, (max-width: 1000px) 54vw, (max-width: 1071px) 543px, 580px\" \/><\/figure>\n\n\n\n<p><meta charset=\"utf-8\"><\/p>\n\n\n\n<ul id=\"block-32642717-d94d-4d97-88b8-b6e9dbf19ff5\"><li><strong>Kontrola hospoda\u0159en\u00ed se spla\u0161kovou vodou<\/strong> u nemovitost\u00ed nenapojen\u00fdch na kanaliza\u010dn\u00ed p\u0159\u00edpojku<ul><li>d\u00e1no jako podn\u011bt na <a href=\"https:\/\/www.praha12.cz\/assets\/File.ashx?id_org=80112&amp;id_dokumenty=85543\">Komisi pro rozvoj Komo\u0159an, Cholupic a To\u010dn\u00e9 6.9.2021<\/a><\/li><\/ul><\/li><\/ul>\n\n\n\n<ul><li><meta charset=\"utf-8\"><strong>Kontrola staveb<\/strong><ul><li>d\u00e1no jako podn\u011bt na <a href=\"https:\/\/www.praha12.cz\/assets\/File.ashx?id_org=80112&amp;id_dokumenty=83418\">Komisi pro rozvoj Komo\u0159an, Cholupic a To\u010dn\u00e9 10.5.2021<\/a><\/li><li>k pro\u0161et\u0159en\u00ed \u010dern\u00fdch staveb by m\u011blo dle pana Ter\u0161la doj\u00edt koncem z\u00e1\u0159\u00ed 2022<\/li><\/ul><\/li><\/ul>\n\n\n\n<ul><li><strong>Mo\u017enost um\u00edst\u011bn\u00ed nov\u00e9 hasi\u010dsk\u00e9 zbrojnice<\/strong> a tr\u00e9ninkov\u00e9ho h\u0159i\u0161t\u011b pro hasi\u010de<ul><li>7.4.2024 Zah\u00e1jen\u00ed v\u00fdstavby nov\u00e9 hasi\u010d\u00e1rny by mohlo prob\u011bhnout v roce 2025 a dokon\u010dena by mohla b\u00fdt v roce 2026<\/li><\/ul><\/li><\/ul>\n\n\n\n<figure class=\"wp-block-image size-large\"><img loading=\"lazy\" width=\"1024\" height=\"703\" src=\"https:\/\/www.zitcholupice.cz\/wp-content\/uploads\/2021\/08\/198471403_10222408658423167_3103877577938456432_n-1024x703.jpg\" alt=\"\" class=\"wp-image-447\" srcset=\"https:\/\/www.zitcholupice.cz\/wp-content\/uploads\/2021\/08\/198471403_10222408658423167_3103877577938456432_n-1024x703.jpg 1024w, https:\/\/www.zitcholupice.cz\/wp-content\/uploads\/2021\/08\/198471403_10222408658423167_3103877577938456432_n-300x206.jpg 300w, https:\/\/www.zitcholupice.cz\/wp-content\/uploads\/2021\/08\/198471403_10222408658423167_3103877577938456432_n-768x528.jpg 768w, https:\/\/www.zitcholupice.cz\/wp-content\/uploads\/2021\/08\/198471403_10222408658423167_3103877577938456432_n-1536x1055.jpg 1536w, https:\/\/www.zitcholupice.cz\/wp-content\/uploads\/2021\/08\/198471403_10222408658423167_3103877577938456432_n.jpg 1741w\" sizes=\"(max-width: 767px) 89vw, (max-width: 1000px) 54vw, (max-width: 1071px) 543px, 580px\" \/><figcaption>Autor: Jan Adamec<\/figcaption><\/figure>\n\n\n\n<ul><li>Informace k pl\u00e1novan\u00e9mu um\u00edst\u011bn\u00ed z\u00e1kladov\u00e9 stanice CETIN a.s. na pozemku sportovi\u0161t\u011b TJ Sokol Cholupice. Rada M\u010c Praha 12 um\u00edst\u011bn\u00ed z\u00e1kaldov\u00e9 stanice na pozemku par\u010d. 361\/17   projednala a odsouhlasila. <ul><li><a href=\"http:\/\/www.zitcholupice.cz\/wp-content\/uploads\/2022\/04\/Za\u0301kladnova\u0301-stanice-CETIN-K-Dy\u0301mac\u030ci.pdf\">Aktu\u00e1ln\u00ed n\u00e1vrh <\/a>v ulici K D\u00fdma\u010di<\/li><li><a href=\"http:\/\/www.zitcholupice.cz\/wp-content\/uploads\/2022\/04\/Za\u0301kladnova\u0301-stanice-CETIN-u-fotbalove\u0301ho-hr\u030cis\u030cte\u030c.pdf\">P\u016fvodn\u00ed n\u00e1vrh<\/a> u fotbalov\u00e9ho h\u0159i\u0161t\u011b<\/li><li>Osobn\u011b si mysl\u00edm, \u017ee z\u00e1kladov\u00e1 stanice by se dala spojit s rozhlednou a s um\u00edst\u011bn\u00edm Na \u010cihadlech, ne\u017e stav\u011bt nevzhledn\u00fd 30m sto\u017e\u00e1r v polnostech nebo kdekoli jinde v Cholupic\u00edch.<\/li><\/ul><\/li><\/ul>\n\n\n\n<div class=\"wp-block-image\"><figure class=\"aligncenter size-full\"><img loading=\"lazy\" width=\"511\" height=\"508\" src=\"https:\/\/www.zitcholupice.cz\/wp-content\/uploads\/2022\/04\/Screenshot-2022-04-19-at-00.57.10.png\" alt=\"\" class=\"wp-image-527\" srcset=\"https:\/\/www.zitcholupice.cz\/wp-content\/uploads\/2022\/04\/Screenshot-2022-04-19-at-00.57.10.png 511w, https:\/\/www.zitcholupice.cz\/wp-content\/uploads\/2022\/04\/Screenshot-2022-04-19-at-00.57.10-300x298.png 300w, https:\/\/www.zitcholupice.cz\/wp-content\/uploads\/2022\/04\/Screenshot-2022-04-19-at-00.57.10-150x150.png 150w, https:\/\/www.zitcholupice.cz\/wp-content\/uploads\/2022\/04\/Screenshot-2022-04-19-at-00.57.10-100x100.png 100w\" sizes=\"(max-width: 511px) 100vw, 511px\" \/><\/figure><\/div>\n\n\n\n<div class=\"wp-block-image\"><figure class=\"aligncenter size-full\"><img loading=\"lazy\" width=\"532\" height=\"549\" src=\"https:\/\/www.zitcholupice.cz\/wp-content\/uploads\/2022\/08\/279293786_10159760791519431_1719581394035604205_n.jpeg\" alt=\"\" class=\"wp-image-556\" srcset=\"https:\/\/www.zitcholupice.cz\/wp-content\/uploads\/2022\/08\/279293786_10159760791519431_1719581394035604205_n.jpeg 532w, https:\/\/www.zitcholupice.cz\/wp-content\/uploads\/2022\/08\/279293786_10159760791519431_1719581394035604205_n-291x300.jpeg 291w\" sizes=\"(max-width: 532px) 100vw, 532px\" \/><\/figure><\/div>\n\n\n\n<ul><li><strong>Informace k pl\u00e1novan\u00e9 v\u00fdstavb\u011b rodinn\u00fdch dom\u016f v Kest\u0159ansk\u00e9<\/strong><ul><li><a href=\"http:\/\/www.zitcholupice.cz\/wp-content\/uploads\/2021\/11\/Ozna\u0301meni\u0301-o-zaha\u0301jeni\u0301-u\u0301zemni\u0301ho-r\u030ci\u0301zeni\u0301.pdf\">Ozn\u00e1men\u00ed o zah\u00e1jen\u00ed \u00fazemn\u00edho \u0159\u00edzen\u00ed<\/a><\/li><li><a href=\"http:\/\/www.zitcholupice.cz\/wp-content\/uploads\/2021\/11\/Situace.pdf\">Situace<\/a><\/li><li><a href=\"http:\/\/www.zitcholupice.cz\/wp-content\/uploads\/2021\/04\/4.11_POVOLSTAV_5-R\u030cRD-parc.c\u030c.-46\u00b430370\u00b48370\u00b415370\u00b417370\u00b4467-k.u\u0301.-Cholupice-Kestr\u030canska\u0301-z\u030ca\u0301dost.pdf\">Legenda a pohledy<\/a><\/li><\/ul><\/li><\/ul>\n\n\n\n<ul><li><strong>Vybudov\u00e1n\u00ed zpevn\u011bn\u00e9 cesty<\/strong> z Kest\u0159ansk\u00e9 do Podch\u00fd\u0161sk\u00e9 <\/li><\/ul>\n\n\n\n<div class=\"wp-block-image\"><figure class=\"aligncenter is-resized\"><img loading=\"lazy\" src=\"https:\/\/www.zitcholupice.cz\/wp-content\/uploads\/2019\/11\/vy\u0161lapan\u00e1-cesta-1-768x1024.jpg\" alt=\"\" class=\"wp-image-181\" width=\"342\" height=\"455\" srcset=\"https:\/\/www.zitcholupice.cz\/wp-content\/uploads\/2019\/11\/vy\u0161lapan\u00e1-cesta-1-768x1024.jpg 768w, https:\/\/www.zitcholupice.cz\/wp-content\/uploads\/2019\/11\/vy\u0161lapan\u00e1-cesta-1-225x300.jpg 225w\" sizes=\"(max-width: 342px) 100vw, 342px\" \/><\/figure><\/div>\n\n\n\n<p><\/p>\n\n\n\n<ul><li><strong>Oplocen\u00ed d\u011btsk\u00e9ho h\u0159i\u0161t\u011b<\/strong> \u017eiv\u00fdm plotem s vr\u00e1tky (tak aby d\u011bti nemohli vyb\u011bhnout do ulice a byl zamezen p\u0159\u00edstup ps\u016f)<ul><li>do participaticvn\u00edho rozpo\u010dtu Prahy 12  jsem v prvn\u00ed polovin\u011b roku 2021 navrhla projekt na dooplocen\u00ed d\u011btsk\u00e9ho h\u0159i\u0161t\u011b v Ra\u017eick\u00e9 a oplocen\u00ed d\u011btsk\u00e9ho h\u0159i\u0161t\u011b v Maletick\u00e9 \u017eiv\u00fdm plotem s vr\u00e1tky, z\u00e1rove\u0148 jsem do parku v Ra\u017eick\u00e9 narhovala lampu \u010di lucernu pro osv\u011btlen\u00ed a mo\u017en\u00e9 napojen\u00ed osv\u011btlen\u00ed v\u00e1no\u010dn\u00edho stromu, na d\u011btsk\u00e9 h\u0159i\u0161t\u011b v Maletick\u00e9 jsem v projektu p\u0159idala workoutov\u00fd prvek pro star\u0161\u00ed d\u011bti<\/li><li>do hlasov\u00e1n\u00ed se z 506 hlasuj\u00edc\u00edch osob zapojilo jen 69 lid\u00ed hlasuj\u00edc\u00edch pro Cholupick\u00fd projekt, \u010d\u00edm\u017e projekt nedostal dostate\u010dnou podporu k realizaci.  V\u00fdsledky hlasov\u00e1n\u00ed najdete<a href=\"https:\/\/tvorime12.praha12.cz\/tvorime-dvanactku-2021\/vysledky-hlasovani\"> zde<\/a><\/li><\/ul><\/li><\/ul>\n\n\n\n<div class=\"wp-block-image\"><figure class=\"aligncenter size-large\"><img loading=\"lazy\" width=\"1024\" height=\"768\" src=\"https:\/\/www.zitcholupice.cz\/wp-content\/uploads\/2020\/08\/IMG_9674-1024x768.jpg\" alt=\"\" class=\"wp-image-358\" srcset=\"https:\/\/www.zitcholupice.cz\/wp-content\/uploads\/2020\/08\/IMG_9674-1024x768.jpg 1024w, https:\/\/www.zitcholupice.cz\/wp-content\/uploads\/2020\/08\/IMG_9674-300x225.jpg 300w, https:\/\/www.zitcholupice.cz\/wp-content\/uploads\/2020\/08\/IMG_9674-768x576.jpg 768w, https:\/\/www.zitcholupice.cz\/wp-content\/uploads\/2020\/08\/IMG_9674-1536x1152.jpg 1536w, https:\/\/www.zitcholupice.cz\/wp-content\/uploads\/2020\/08\/IMG_9674-2048x1536.jpg 2048w\" sizes=\"(max-width: 767px) 89vw, (max-width: 1000px) 54vw, (max-width: 1071px) 543px, 580px\" \/><figcaption>Sou\u010dasn\u00fd stav<\/figcaption><\/figure><\/div>\n\n\n\n<div class=\"wp-block-image\"><figure class=\"aligncenter is-resized\"><img loading=\"lazy\" src=\"https:\/\/www.zitcholupice.cz\/wp-content\/uploads\/2019\/11\/n\u00e1vrh-na-oplocen\u00ed-parku-1024x768.jpg\" alt=\"\" class=\"wp-image-176\" width=\"488\" height=\"366\" srcset=\"https:\/\/www.zitcholupice.cz\/wp-content\/uploads\/2019\/11\/n\u00e1vrh-na-oplocen\u00ed-parku-1024x768.jpg 1024w, https:\/\/www.zitcholupice.cz\/wp-content\/uploads\/2019\/11\/n\u00e1vrh-na-oplocen\u00ed-parku-300x225.jpg 300w, https:\/\/www.zitcholupice.cz\/wp-content\/uploads\/2019\/11\/n\u00e1vrh-na-oplocen\u00ed-parku-768x576.jpg 768w\" sizes=\"(max-width: 488px) 100vw, 488px\" \/><figcaption>N\u00e1vrh \u0159e\u0161en\u00ed<\/figcaption><\/figure><\/div>\n\n\n\n<ul><li>Vybudov\u00e1n\u00ed osv\u011btlen\u00ed na d\u011btsk\u00e9m h\u0159i\u0161ti (kvuli bezpe\u010dnosti a mo\u017en\u00e9mu napojen\u00ed osv\u011btlen\u00ed pro v\u00e1no\u010dn\u00ed strom)<\/li><li>Zatrubn\u011bn\u00ed potoka, kter\u00fd spojuje ulici Boje\u0161ick\u00e1 a Lich\u00e1, vybudov\u00e1n\u00ed jednosm\u011brn\u00fdch cest na zatrubn\u011bn\u00e9m potoce<\/li><li>Obnovit p\u0159irozen\u00fd odtok vody do strouhy u fotbalov\u00e9ho h\u0159i\u0161t\u011b <ul><li>zjistit jak je mo\u017en\u00e9 zm\u011bnit sp\u00e1d ulice Podch\u00fd\u0161sk\u00e1 u kruhov\u00e9ho objezdu do strouhy <\/li><\/ul><\/li><li>Vy\u010distit kanalizaci pod zast\u00e1vkou a obnovit strouhy u kruhov\u00e9ho objezdu<\/li><li>Vybudov\u00e1n\u00ed parkovi\u0161t\u011b<\/li><li>Parkov\u00e1n\u00ed na chodn\u00edc\u00edch <ul><li>ulice jsou vybudovan\u00e9 a zkolaudovan\u00e9 jako obytn\u00e1 z\u00f3na, z&nbsp;tohoto d\u016fvodu nen\u00ed mo\u017en\u00e9 vyzna\u010dit vodorovn\u00e9 dopravn\u00ed zna\u010den\u00ed V12c (\u201e\u017elut\u00e1 \u010d\u00e1ra\u201c), proto\u017ee v&nbsp;obytn\u00e9 z\u00f3n\u011b se sm\u00ed st\u00e1t pouze na m\u00edstech k&nbsp;tomu ur\u010den\u00fdch. V&nbsp;p\u0159\u00edpad\u011b jak\u00e9hokoliv \u0159e\u0161en\u00ed dopravn\u00ed situace je zapot\u0159eb\u00ed m\u00edt vyhotoven\u00fd dopravn\u00ed projekt, kter\u00fd bude spl\u0148ovat p\u0159\u00edslu\u0161n\u00e9 normy. (19.11.2019)<\/li><\/ul><\/li><li>Prodlou\u017een\u00ed linky 190 z Ber\u00e1nku na To\u010dnou<ul><li>na Komisi pro rozvoj To\u010dn\u00e9, Cholupic a Komo\u0159an jsme \u017e\u00e1dali M\u010c Praha 12 o jedn\u00e1n\u00ed s Ropidem a zaji\u0161t\u011bn\u00ed autobusov\u00e9 dopravy (z Ber\u00e1nku na To\u010dnou) Pra\u017eskou integrovanou dopravou nikoli spole\u010dnost\u00ed Arriva, kter\u00e1 zaji\u0161\u0165uje dopravu pro St\u0159edo\u010desk\u00fd kraj. Se sn\u00ed\u017een\u00edm po\u010dtu spoj\u016f je nepo\u010d\u00edt\u00e1, i kdy\u017e Arriva tvrd\u00ed, \u017ee nem\u00e1 dostate\u010dn\u00fd po\u010det \u0159idi\u010d\u016f na provoz linky, proto autobusy \u010dasto vynech\u00e1vaj\u00ed. (7.10.2019)<\/li><li>na lince 341 se ka\u017ed\u00fd v\u0161edn\u00ed den objevuje celkem 10 autobus\u016f, z&nbsp;\u010deho\u017e jsou v\u017edy 3 n\u00edzkopodla\u017en\u00ed garantovan\u00e9, ze zbyl\u00fdch 7 vozidel jsou 1-2 autobusy n\u00edzkopodla\u017en\u00ed negarantovan\u00e9. Garantovan\u00e9 n\u00edzkopodla\u017en\u00ed spoje jsou uvedeny v j\u00edzdn\u00edm \u0159\u00e1du (1.2.2019)<\/li><\/ul><ul><li>dopravce postupn\u011b obm\u011b\u0148uje sv\u016fj vozov\u00fd park nov\u00fdmi vozidly, kter\u00e1 jsou v\u017edy n\u00edzkopodla\u017en\u00ed, nicm\u00e9n\u011b tato obnova je postupn\u00e1 a proto nen\u00ed mo\u017en\u00e9 zav\u00e1d\u011bt do j\u00edzdn\u00edho \u0159\u00e1du v\u00edce n\u00edzkopodla\u017en\u00edch spoj\u016f, u kter\u00fdch dopravce zaru\u010d\u00ed, \u017ee budou zaji\u0161t\u011bny skute\u010dn\u011b bezbari\u00e9rov\u00fdm vozidlem. Ka\u017ed\u00fd rok dopravce obm\u011bn\u00ed cca 10-15% vozov\u00e9ho parku a t\u00edm postupn\u011b i nar\u016fst\u00e1 po\u010det n\u00edzkopodla\u017en\u00edch spoj\u016f, co\u017e se n\u00e1sledn\u011b prom\u00edtne i v&nbsp;j\u00edzdn\u00edm \u0159\u00e1du. (1.2.2019)<\/li><li>bylo by t\u0159eba zjistit u &nbsp;dopravce ARRIVA CITY s.r.o., kolik m\u00e1 celkem autobus\u016f, kolik z nich je n\u00edzkopodla\u017en\u00edch a kolik nov\u00fdch n\u00edzkopodla\u017en\u00edch autobus\u016f hodl\u00e1 v&nbsp;tomto roce zakoupit. <\/li><li>Po rekonstrukci n\u00e1m\u011bt\u00ed na To\u010dn\u00e9 bude vybudov\u00e1na to\u010dna pro autobusy a n\u00e1sledn\u011b se po\u010d\u00edt\u00e1 s prodlou\u017een\u00edm linky 190 a\u017e na To\u010dnou (29.7.2021)<\/li><\/ul><\/li><li>Rekonstrukce autobusov\u00fdch zast\u00e1vek<\/li><\/ul>\n\n\n\n<div class=\"wp-block-image\"><figure class=\"aligncenter size-large\"><img src=\"https:\/\/www.zitcholupice.cz\/wp-content\/uploads\/2020\/02\/rekonstrukce-zast\u00e1vek-8-rotated.jpg\" alt=\"\" class=\"wp-image-223\"\/><\/figure><\/div>\n\n\n\n<ul><li><strong>Sp\u00e1dovost \u0161kol<\/strong><ul><li>M\u010c Praha 12 vid\u00ed \u0159e\u0161en\u00ed ve v\u00fdstavb\u011b nov\u00e9 velk\u00e9 Z\u0160 Montessori v centru obvodu za 250 milion\u016f. Zde m\u011blo p\u016fvodn\u011b st\u00e1t nov\u00e9 Mod\u0159ansk\u00e9 gymn\u00e1zium. Z\u0160 Montessori je ur\u010dena pro specifick\u00fd okruh \u017e\u00e1k\u016f a jejich doch\u00e1zka vy\u017eaduje mimo\u0159\u00e1dnou sou\u010dinnost a aktivitu rodi\u010d\u016f. Ro\u010dn\u00ed \u0161koln\u00e9 \u010din\u00ed 15 000 K\u010d. Do nov\u00e9 \u0161koly budou doch\u00e1zet \u017e\u00e1ci nejen z cel\u00e9 m\u011bstsk\u00e9 \u010d\u00e1sti, ale i z cel\u00e9 Prahy. Tak\u017ee v\u00fdstavba situaci zlep\u0161\u00ed jen m\u00e1lo. Od zah\u00e1jen\u00ed investorsk\u00e9 p\u0159\u00edpravy jak\u00e9koli stavby do jej\u00edho dokon\u010den\u00ed a zprovozn\u011bn\u00ed nav\u00edc uplynou p\u0159ibli\u017en\u011b 4 roky (1\/2019).<\/li><\/ul><\/li><\/ul>\n\n\n\n<ul><li>Vybudov\u00e1n\u00ed parkovi\u0161t\u011b a p\u0159ed\u011bl\u00e1n\u00ed \u010d\u00e1ry z pln\u00e9 na p\u0159eru\u0161ovanou u Cholupick\u00e9ho h\u0159bitova<\/li><\/ul>\n\n\n\n<div class=\"wp-block-image\"><figure class=\"aligncenter size-large is-resized\"><img loading=\"lazy\" src=\"https:\/\/www.zitcholupice.cz\/wp-content\/uploads\/2020\/03\/pln\u00e1-\u010d\u00e1ra-u-h\u0159bitova-rotated.jpg\" alt=\"\" class=\"wp-image-246\" width=\"379\" height=\"505\"\/><\/figure><\/div>\n\n\n\n<ul><li>Zv\u00fd\u0161en\u00ed po\u010dtu odpadkov\u00fdch ko\u0161\u016f<ul><li>Odbor \u017eivotn\u00edho prost\u0159ed\u00ed n\u00e1s informoval, \u017ee odpadkov\u00e9 ko\u0161e jsou instalov\u00e1ny pouze na pozemky ve spr\u00e1v\u011b O\u017dP, k \u010demu\u017e se v\u00e1\u017ee i p\u0159id\u011blov\u00e1n\u00ed finan\u010dn\u00edch prost\u0159edk\u016f. Sd\u011blili n\u00e1m, \u017ee p\u0159ed 2 roky um\u00edstili odpadkov\u00fd ko\u0161 v ulici K D\u00fdma\u010di, kde proch\u00e1z\u00ed velk\u00e9 mno\u017estv\u00ed pejska\u0159\u016f a dal\u0161\u00ed instalaci ko\u0161\u016f zat\u00edm nepl\u00e1nuj\u00ed.<\/li><li>Bylo by t\u0159eba zjistit jak\u00e9 pozemky m\u011bsto vlastn\u00ed, abychom na n\u011b dle vhodnosti mohli \u017e\u00e1dat o um\u00edst\u011bn\u00ed odpadkov\u00fdch ko\u0161\u016f <\/li><\/ul><\/li><\/ul>\n\n\n\n<div class=\"wp-block-image\"><figure class=\"aligncenter is-resized\"><img loading=\"lazy\" src=\"https:\/\/www.zitcholupice.cz\/wp-content\/uploads\/2019\/10\/IMG_5239-768x1024.jpg\" alt=\"\" class=\"wp-image-113\" width=\"270\" height=\"360\" srcset=\"https:\/\/www.zitcholupice.cz\/wp-content\/uploads\/2019\/10\/IMG_5239-768x1024.jpg 768w, https:\/\/www.zitcholupice.cz\/wp-content\/uploads\/2019\/10\/IMG_5239-225x300.jpg 225w\" sizes=\"(max-width: 270px) 100vw, 270px\" \/><\/figure><\/div>\n\n\n\n<ul><li>Um\u00edst\u011bn\u00ed kontejner\u016f v Cholup\u00edch do p\u0159\u00edst\u0159e\u0161k\u016f  <ul><li>Stanovi\u0161t\u011b t\u0159\u00edd\u011bn\u00e9ho odpadu \u010d. 114 je velmi problematick\u00e9 z hlediska p\u0159epl\u0148ov\u00e1n\u00ed kontejner\u016f od proj\u00ed\u017ed\u011bj\u00edc\u00edch ob\u010dan\u016f , proto odbor \u017eivotn\u00edho prost\u0159ed\u00ed zva\u017euje jeho p\u0159em\u00edst\u011bn\u00ed. Z tohoto d\u016fvodu instalov\u00e1n\u00ed klece na kontejnery m\u011bsto nezva\u017euje. (6.5.2019)&nbsp; <\/li><\/ul><\/li><\/ul>\n\n\n\n<figure class=\"wp-block-image size-large\"><img loading=\"lazy\" width=\"1024\" height=\"768\" src=\"https:\/\/www.zitcholupice.cz\/wp-content\/uploads\/2020\/05\/IMG_9235-1024x768.jpg\" alt=\"\" class=\"wp-image-291\" srcset=\"https:\/\/www.zitcholupice.cz\/wp-content\/uploads\/2020\/05\/IMG_9235-1024x768.jpg 1024w, https:\/\/www.zitcholupice.cz\/wp-content\/uploads\/2020\/05\/IMG_9235-300x225.jpg 300w, https:\/\/www.zitcholupice.cz\/wp-content\/uploads\/2020\/05\/IMG_9235-768x576.jpg 768w, https:\/\/www.zitcholupice.cz\/wp-content\/uploads\/2020\/05\/IMG_9235-1536x1152.jpg 1536w, https:\/\/www.zitcholupice.cz\/wp-content\/uploads\/2020\/05\/IMG_9235.jpg 2016w\" sizes=\"(max-width: 767px) 89vw, (max-width: 1000px) 54vw, (max-width: 1071px) 543px, 580px\" \/><\/figure>\n\n\n\n<figure class=\"wp-block-image size-full\"><img loading=\"lazy\" width=\"678\" height=\"683\" src=\"https:\/\/www.zitcholupice.cz\/wp-content\/uploads\/2024\/02\/Screenshot-2024-02-07-at-22.12.40.png\" alt=\"\" class=\"wp-image-675\" srcset=\"https:\/\/www.zitcholupice.cz\/wp-content\/uploads\/2024\/02\/Screenshot-2024-02-07-at-22.12.40.png 678w, https:\/\/www.zitcholupice.cz\/wp-content\/uploads\/2024\/02\/Screenshot-2024-02-07-at-22.12.40-298x300.png 298w, https:\/\/www.zitcholupice.cz\/wp-content\/uploads\/2024\/02\/Screenshot-2024-02-07-at-22.12.40-150x150.png 150w, https:\/\/www.zitcholupice.cz\/wp-content\/uploads\/2024\/02\/Screenshot-2024-02-07-at-22.12.40-100x100.png 100w\" sizes=\"(max-width: 678px) 100vw, 678px\" \/><\/figure>\n\n\n\n<ul><li>\u0158e\u0161en\u00ed probl\u00e9mu s domy, kter\u00e9 top\u00ed pevn\u00fdmi palivy <ul><li>je t\u0159eba nato\u010dit video se siln\u00fdm kou\u0159em trvaj\u00edc\u00ed 45minut a zaslat jej na odbor \u017eivotn\u00edho prost\u0159ed\u00ed<\/li><\/ul><\/li><li>\u010c\u00e1st ulice U Obce p.\u010d. 478\/14 je vedena v katastru jako zahrada a ne jako komunikace a p.\u010d. 478\/15 jako ovocn\u00fd sad<\/li><\/ul>\n","protected":false},"excerpt":{"rendered":"<p>Rekonstrukce ulice K B\u0159e\u010dk\u00e1m a Ke K\u00e1lku Od 2. \u0159\u00edjna prob\u00edh\u00e1 rekonstrukce ulice K B\u0159e\u010dk\u00e1m a \u010d\u00e1sti ulice Ke K\u00e1lku. Buduje se nov\u00e1 vozovka a chodn\u00edky ze z\u00e1mkov\u00e9 dla\u017eby. Star\u00e9 ve\u0159ejn\u00e9 osv\u011btlen\u00ed bude vym\u011bn\u011bno za nov\u00e9 (a posunuto tak, aby bylo mo\u017en\u00e9 projet nap\u0159\u00edklad s ko\u010d\u00e1rkem) pouze v \u010d\u00e1sti ulice Ke K\u00e1lku. Zb\u00fdvaj\u00edc\u00ed osv\u011btlen\u00ed se &hellip; <\/p>\n<p class=\"link-more\"><a href=\"https:\/\/www.zitcholupice.cz\/index.php\/v-reseni\/\" class=\"more-link\">Pokra\u010dovat ve \u010dten\u00ed<span class=\"screen-reader-text\"> &#8222;V \u0159e\u0161en\u00ed&#8220;<\/span><\/a><\/p>\n","protected":false},"author":2,"featured_media":0,"parent":0,"menu_order":0,"comment_status":"closed","ping_status":"closed","template":"","meta":{"_monsterinsights_skip_tracking":false,"_monsterinsights_sitenote_active":false,"_monsterinsights_sitenote_note":"","_monsterinsights_sitenote_category":0},"_links":{"self":[{"href":"https:\/\/www.zitcholupice.cz\/index.php\/wp-json\/wp\/v2\/pages\/69"}],"collection":[{"href":"https:\/\/www.zitcholupice.cz\/index.php\/wp-json\/wp\/v2\/pages"}],"about":[{"href":"https:\/\/www.zitcholupice.cz\/index.php\/wp-json\/wp\/v2\/types\/page"}],"author":[{"embeddable":true,"href":"https:\/\/www.zitcholupice.cz\/index.php\/wp-json\/wp\/v2\/users\/2"}],"replies":[{"embeddable":true,"href":"https:\/\/www.zitcholupice.cz\/index.php\/wp-json\/wp\/v2\/comments?post=69"}],"version-history":[{"count":185,"href":"https:\/\/www.zitcholupice.cz\/index.php\/wp-json\/wp\/v2\/pages\/69\/revisions"}],"predecessor-version":[{"id":898,"href":"https:\/\/www.zitcholupice.cz\/index.php\/wp-json\/wp\/v2\/pages\/69\/revisions\/898"}],"wp:attachment":[{"href":"https:\/\/www.zitcholupice.cz\/index.php\/wp-json\/wp\/v2\/media?parent=69"}],"curies":[{"name":"wp","href":"https:\/\/api.w.org\/{rel}","templated":true}]}}